{"id":42,"date":"2015-01-24T15:33:50","date_gmt":"2015-01-24T15:33:50","guid":{"rendered":"http:\/\/imicreationlive.com\/adore-church\/?page_id=42"},"modified":"2015-01-24T15:33:50","modified_gmt":"2015-01-24T15:33:50","slug":"o-nas","status":"publish","type":"page","link":"https:\/\/kosciolpokoju.pl\/de\/o-nas\/","title":{"rendered":"O nas"},"content":{"rendered":"<h3 style=\"text-align: center\"><span style=\"color: #000000\">Witamy w Ko\u015bciele Pokoju, kt\u00f3rego gospodarzami jeste\u015bmy od 1989 roku.<br \/>\nOboje przyjechali\u015bmy ze \u015al\u0105ska Cieszy\u0144skiego, \u017ceby zaopiekowa\u0107 si\u0119 zaniedbanym obiektem,<br \/>\nkt\u00f3ry by\u0142 w katastrofalnym stanie.<\/span><\/h3>\n<p><span style=\"color: #000000\">Przez \u0107wier\u0107 wieku uda\u0142o nam si\u0119 przeprowadzi\u0107 gruntown\u0105 renowacj\u0119 \u015bwi\u0105tyni i placu Pokoju: instalacja nowoczesnych system\u00f3w zabezpieczaj\u0105cych, wymiana gontowego dachu, wzmocnienie \u015bcian, restauracja o\u0142tarza, ambony, organ\u00f3w, bramy wjazdowej, domu dzwonnika, domu str\u00f3\u017ca, liceum ewangelickiego oraz cz\u0119\u015bci cmentarza, konserwacja 300-letnich Biblii i starodruk\u00f3w. Naszym szczeg\u00f3lnym powodem do dumy jest wpisanie \u015bwi\u0105tyni w 2001 r. na List\u0119 \u015awiatowego Dziedzictwa UNESCO.<\/span><\/p>\n<p><span style=\"color: #000000\"><a href=\"https:\/\/kosciolpokoju.pl\/de\/wp-content\/uploads\/sites\/3\/2015\/01\/bp1.jpg\" data-rel=\"lightbox-image-0\" data-rl_title=\"\" data-rl_caption=\"\" title=\"\"><img loading=\"lazy\" decoding=\"async\" width=\"600\" height=\"294\" class=\"size-full wp-image-1410 aligncenter\" src=\"https:\/\/kosciolpokoju.pl\/de\/wp-content\/uploads\/sites\/3\/2015\/01\/bp1.jpg\" alt=\"bp\" srcset=\"https:\/\/kosciolpokoju.pl\/de\/wp-content\/uploads\/sites\/3\/2015\/01\/bp1.jpg 600w, https:\/\/kosciolpokoju.pl\/de\/wp-content\/uploads\/sites\/3\/2015\/01\/bp1-300x147.jpg 300w\" sizes=\"(max-width: 600px) 100vw, 600px\" \/><\/a><br \/>\n<\/span><\/p>\n<p><span style=\"color: #000000\"><strong><br \/>\n<\/strong><\/span><\/p>\n<p><span style=\"color: #000000\"><strong>Ks. bp Waldemar Pytel<\/strong> \u2013 proboszcz parafii ewangelicko-augsburskiej w \u015awidnicy oraz biskup diecezji wroc\u0142awskiej Ko\u015bcio\u0142a Ewangelicko-Augsburskiego rozci\u0105gaj\u0105cej si\u0119 od Karpacza po Szczecin. Wielokrotnie nagradzany za ochron\u0119 d\u00f3br kultury i dzia\u0142alno\u015b\u0107 ekumeniczn\u0105. Zagorza\u0142y fan futbolu, kibicuje \u015al\u0105skowi Wroc\u0142aw i FC Barcelona.<\/span><\/p>\n<p><span style=\"color: #000000\"><strong>Bo\u017cena Pytel<\/strong> \u2013 socjolog i fotograf, zajmuje si\u0119 PR i dzia\u0142aniami kulturalno-edukacyjnymi w Ko\u015bciele Pokoju. Wyda\u0142a XVII-wieczny pami\u0119tnik \u015bwidniczanina, na podstawie kt\u00f3rego powsta\u0142a sztuka grana przez aktor\u00f3w Teatru Starego w Krakowie. Przygotowa\u0142a warsztaty dziennikarsko-fotograficzne dla gimnazjalist\u00f3w z kilku miast oraz zaj\u0119cia dla grupy \u015bwidnickich licealist\u00f3w i senior\u00f3w. Pomys\u0142odawczyni Artystycznego Lata na placu Pokoju, czyli warsztat\u00f3w malarskich, rze\u017abiarskich i teatralnych. Wyr\u00f3\u017cniona przez prezydenta \u015awidnicy nagrod\u0105 kulturaln\u0105.<\/span><\/p>\n<h3 style=\"text-align: center\"><span style=\"color: #000000\">Jeste\u015bmy ma\u0142\u017ce\u0144stwem od prawie 30. lat, mamy dw\u00f3ch doros\u0142ych syn\u00f3w.<\/span><\/h3>\n<p><span style=\"color: #000000\">Nasza parafia ewangelicko-augsburska istnieje od po\u0142owy XVII wieku, kiedy wydano zgod\u0119 na budow\u0119 \u015bwi\u0105tyni. Od 1657 r. w Ko\u015bciele Pokoju nieprzerwanie odprawia si\u0119 nabo\u017ce\u0144stwa. Sytuacja parafian zmieni\u0142a si\u0119 po drugiej wojnie \u015bwiatowej, kiedy Dolny \u015al\u0105sk znalaz\u0142 si\u0119 w granicach Polski. Niemieck\u0105 Schweidnitz musieli opu\u015bci\u0107 dotychczasowi mieszka\u0144cy, g\u0142\u00f3wnie protestanci. Nowi mieszka\u0144cy, kt\u00f3rzy przyjechali z r\u00f3\u017cnych stron, byli zwykle katolikami i nasza \u015bwi\u0105tynia opustosza\u0142a. Do 1945 r. na nabo\u017ce\u0144stwa przychodzi\u0142o tutaj kilka, kilkana\u015bcie tysi\u0119cy os\u00f3b. Teraz nasza parafia liczy 120 os\u00f3b, obejmuje \u015awidnic\u0119, Bielaw\u0119 i Dzier\u017coni\u00f3w. Spotykamy si\u0119 na nabo\u017ce\u0144stwach w Ko\u015bciele Pokoju w niedziele o godz.10.<\/span><\/p>\n<h3 style=\"text-align: center\"><span style=\"color: #000000\">Jeste\u015bmy protestantami, dok\u0142adniej &#8211; ewangelikami, a jeszcze dok\u0142adniej \u2013 luteranami.<\/span><\/h3>\n<p><span style=\"color: #000000\">Nale\u017cymy do Ko\u015bcio\u0142a Ewangelicko-Augsburskiego, kt\u00f3ry jest najwi\u0119kszym ko\u015bcio\u0142em protestanckim w Polsce, z ks. biskupem Jerzym Samcem na czele. Liczy 71 tys. wiernych (najwi\u0119cej na \u015al\u0105sku Cieszy\u0144skim), w sze\u015bciu diecezjach. Nazwa Ko\u015bcio\u0142a Ewangelicko-Augsburskiego pochodzi od wyznania wiary z\u0142o\u017conego w 1530 roku na sejmie w Augsburgu. Odwo\u0142ujemy si\u0119 do Reformacji zapocz\u0105tkowanej w 1517 r. przez ks. Marcina Lutra, kt\u00f3ry zach\u0119ca\u0142 do odnowy Ko\u015bcio\u0142a. Uznajemy sakramenty chrztu i komunii, konfirmacj\u0119, spowied\u017a powszechn\u0105 i ma\u0142\u017ce\u0144stwo. Wierzymy w niebo i piek\u0142o, odrzucamy czy\u015bciec. Ksi\u0119\u017cy nie obowi\u0105zuje celibat. Nabo\u017ce\u0144stwo sk\u0142ada si\u0119 z liturgii S\u0142owa i liturgii komunii. Nasze podstawowe zasady:<\/span><\/p>\n<p><span style=\"color: #000000\"><strong>Solum Verbum (jedynie S\u0142owo)<\/strong> &#8211; S\u0142owo Bo\u017ce jest jedynym \u017ar\u00f3d\u0142em \u0142aski i zbawienia,<br \/>\n<strong>Solus Christus (jedynie Chrystus)<\/strong> &#8211; Jezus Chrystus jest po\u015brednikiem mi\u0119dzy Bogiem a cz\u0142owiekiem, wiara w niego jest drog\u0105 do zbawienia. Tylko on mo\u017ce by\u0107 przedmiotem czci, on jest g\u0142ow\u0105 Ko\u015bcio\u0142a, nie papie\u017c. Nie uznajemy kultu \u015bwi\u0119tych ani Marii, kt\u00f3r\u0105 darzymy szacunkiem,<br \/>\n<strong>Sola Scriptura (jedynie Pismo)<\/strong> &#8211; jedynym \u017ar\u00f3d\u0142em wiary i punktem odniesienia dla ewangelika jest Biblia, a nie soborowe orzeczenia,<br \/>\n<strong>Sola gratia (jedynie \u0141aska)<\/strong> &#8211; to \u0141aska Bo\u017ca zapewnia nam zbawienie, nie mo\u017cna jej zyska\u0107 przez uczynki. Cz\u0142owiek mo\u017ce by\u0107 usprawiedliwiony przez Boga \u201eza darmo\u201d, jedynie z \u0142aski Bo\u017cej.<\/span><\/p>\n","protected":false},"excerpt":{"rendered":"<p>Witamy w Ko\u015bciele Pokoju, kt\u00f3rego gospodarzami jeste\u015bmy od 1989 roku. Oboje przyjechali\u015bmy ze \u015al\u0105ska Cieszy\u0144skiego, \u017ceby zaopiekowa\u0107 si\u0119 zaniedbanym obiektem, kt\u00f3ry by\u0142 w katastrofalnym stanie. Przez \u0107wier\u0107 wieku uda\u0142o nam si\u0119 przeprowadzi\u0107 gruntown\u0105 renowacj\u0119 \u015bwi\u0105tyni i placu Pokoju: instalacja nowoczesnych system\u00f3w zabezpieczaj\u0105cych, wymiana gontowego dachu, wzmocnienie \u015bcian, restauracja o\u0142tarza, ambony, organ\u00f3w, bramy wjazdowej, domu dzwonnika, domu str\u00f3\u017ca, liceum ewangelickiego oraz cz\u0119\u015bci cmentarza, konserwacja 300-letnich Biblii i starodruk\u00f3w. Naszym szczeg\u00f3lnym powodem do dumy jest wpisanie \u015bwi\u0105tyni w 2001 r. na List\u0119 \u015awiatowego Dziedzictwa UNESCO. Ks. bp Waldemar Pytel \u2013 proboszcz parafii ewangelicko-augsburskiej w \u015awidnicy oraz biskup diecezji wroc\u0142awskiej Ko\u015bcio\u0142a Ewangelicko-Augsburskiego rozci\u0105gaj\u0105cej si\u0119 od Karpacza po Szczecin. Wielokrotnie nagradzany za ochron\u0119 d\u00f3br kultury i dzia\u0142alno\u015b\u0107 ekumeniczn\u0105. Zagorza\u0142y fan futbolu, kibicuje \u015al\u0105skowi Wroc\u0142aw i FC Barcelona. Bo\u017cena Pytel \u2013 socjolog i fotograf, zajmuje si\u0119 PR i dzia\u0142aniami kulturalno-edukacyjnymi w Ko\u015bciele Pokoju. Wyda\u0142a XVII-wieczny pami\u0119tnik \u015bwidniczanina, na podstawie kt\u00f3rego powsta\u0142a sztuka grana przez aktor\u00f3w Teatru Starego w Krakowie. Przygotowa\u0142a warsztaty dziennikarsko-fotograficzne dla gimnazjalist\u00f3w z kilku miast oraz zaj\u0119cia dla grupy \u015bwidnickich licealist\u00f3w i senior\u00f3w. Pomys\u0142odawczyni Artystycznego Lata na placu Pokoju, czyli warsztat\u00f3w malarskich, rze\u017abiarskich i teatralnych. Wyr\u00f3\u017cniona przez prezydenta \u015awidnicy nagrod\u0105 kulturaln\u0105. Jeste\u015bmy ma\u0142\u017ce\u0144stwem od prawie 30. lat, mamy dw\u00f3ch doros\u0142ych syn\u00f3w. Nasza parafia ewangelicko-augsburska istnieje od po\u0142owy XVII wieku, kiedy wydano zgod\u0119 na budow\u0119 \u015bwi\u0105tyni. Od 1657 r. w Ko\u015bciele Pokoju nieprzerwanie odprawia si\u0119 nabo\u017ce\u0144stwa. Sytuacja parafian zmieni\u0142a si\u0119 po drugiej wojnie \u015bwiatowej, kiedy Dolny \u015al\u0105sk znalaz\u0142 si\u0119 w granicach Polski. Niemieck\u0105 Schweidnitz musieli opu\u015bci\u0107 dotychczasowi mieszka\u0144cy, g\u0142\u00f3wnie protestanci. Nowi mieszka\u0144cy, kt\u00f3rzy przyjechali z r\u00f3\u017cnych stron, byli zwykle katolikami i nasza \u015bwi\u0105tynia opustosza\u0142a. Do 1945 r. na nabo\u017ce\u0144stwa przychodzi\u0142o tutaj kilka, kilkana\u015bcie tysi\u0119cy os\u00f3b. Teraz nasza parafia liczy 120 os\u00f3b, obejmuje \u015awidnic\u0119, Bielaw\u0119 i Dzier\u017coni\u00f3w. Spotykamy si\u0119 na nabo\u017ce\u0144stwach w Ko\u015bciele Pokoju w niedziele o godz.10. Jeste\u015bmy protestantami, dok\u0142adniej &#8211; ewangelikami, a jeszcze dok\u0142adniej \u2013 luteranami. Nale\u017cymy do Ko\u015bcio\u0142a Ewangelicko-Augsburskiego, kt\u00f3ry jest najwi\u0119kszym ko\u015bcio\u0142em protestanckim w Polsce, z ks. biskupem Jerzym Samcem na czele. Liczy 71 tys. wiernych (najwi\u0119cej na \u015al\u0105sku Cieszy\u0144skim), w sze\u015bciu diecezjach. Nazwa Ko\u015bcio\u0142a Ewangelicko-Augsburskiego pochodzi od wyznania wiary z\u0142o\u017conego w 1530 roku na sejmie w Augsburgu. Odwo\u0142ujemy si\u0119 do Reformacji zapocz\u0105tkowanej w 1517 r. przez ks. Marcina Lutra, kt\u00f3ry zach\u0119ca\u0142 do odnowy Ko\u015bcio\u0142a. Uznajemy sakramenty chrztu i komunii, konfirmacj\u0119, spowied\u017a powszechn\u0105 i ma\u0142\u017ce\u0144stwo. Wierzymy w niebo i piek\u0142o, odrzucamy czy\u015bciec. Ksi\u0119\u017cy nie obowi\u0105zuje celibat. Nabo\u017ce\u0144stwo sk\u0142ada si\u0119 z liturgii S\u0142owa i liturgii komunii. Nasze podstawowe zasady: Solum Verbum (jedynie S\u0142owo) &#8211; S\u0142owo Bo\u017ce jest jedynym \u017ar\u00f3d\u0142em \u0142aski i zbawienia, Solus Christus (jedynie Chrystus) &#8211; Jezus Chrystus jest po\u015brednikiem mi\u0119dzy Bogiem a cz\u0142owiekiem, wiara w niego jest drog\u0105 do zbawienia. Tylko on mo\u017ce by\u0107 przedmiotem czci, on jest g\u0142ow\u0105 Ko\u015bcio\u0142a, nie papie\u017c. Nie uznajemy kultu \u015bwi\u0119tych ani Marii, kt\u00f3r\u0105 darzymy szacunkiem, Sola Scriptura (jedynie Pismo) &#8211; jedynym \u017ar\u00f3d\u0142em wiary i punktem odniesienia dla ewangelika jest Biblia, a nie soborowe orzeczenia, Sola gratia (jedynie \u0141aska) &#8211; to \u0141aska Bo\u017ca zapewnia nam zbawienie, nie mo\u017cna jej zyska\u0107 przez uczynki. Cz\u0142owiek mo\u017ce by\u0107 usprawiedliwiony przez Boga \u201eza darmo\u201d, jedynie z \u0142aski Bo\u017cej.<\/p>\n","protected":false},"author":1,"featured_media":0,"parent":0,"menu_order":0,"comment_status":"open","ping_status":"open","template":"","meta":{"footnotes":""},"yoast_head":"<!-- This site is optimized with the Yoast SEO plugin v20.4 - https:\/\/yoast.com\/wordpress\/plugins\/seo\/ -->\n<title>O nas \/ Ko\u015bci\u00f3\u0142 Pokoju w \u015awidnicy<\/title>\n<meta name=\"robots\" content=\"index, follow, max-snippet:-1, max-image-preview:large, max-video-preview:-1\" \/>\n<link rel=\"canonical\" href=\"https:\/\/kosciolpokoju.pl\/de\/o-nas\/\" \/>\n<meta property=\"og:locale\" content=\"pl_PL\" \/>\n<meta property=\"og:type\" content=\"article\" \/>\n<meta property=\"og:title\" content=\"O nas \/ Ko\u015bci\u00f3\u0142 Pokoju w \u015awidnicy\" \/>\n<meta property=\"og:description\" content=\"Witamy w Ko\u015bciele Pokoju, kt\u00f3rego gospodarzami jeste\u015bmy od 1989 roku. Oboje przyjechali\u015bmy ze \u015al\u0105ska Cieszy\u0144skiego, \u017ceby zaopiekowa\u0107 si\u0119 zaniedbanym obiektem, kt\u00f3ry by\u0142 w katastrofalnym stanie. Przez \u0107wier\u0107 wieku uda\u0142o nam si\u0119 przeprowadzi\u0107 gruntown\u0105 renowacj\u0119 \u015bwi\u0105tyni i placu Pokoju: instalacja nowoczesnych system\u00f3w zabezpieczaj\u0105cych, wymiana gontowego dachu, wzmocnienie \u015bcian, restauracja o\u0142tarza, ambony, organ\u00f3w, bramy wjazdowej, domu dzwonnika, domu str\u00f3\u017ca, liceum ewangelickiego oraz cz\u0119\u015bci cmentarza, konserwacja 300-letnich Biblii i starodruk\u00f3w. Naszym szczeg\u00f3lnym powodem do dumy jest wpisanie \u015bwi\u0105tyni w 2001 r. na List\u0119 \u015awiatowego Dziedzictwa UNESCO. Ks. bp Waldemar Pytel \u2013 proboszcz parafii ewangelicko-augsburskiej w \u015awidnicy oraz biskup diecezji wroc\u0142awskiej Ko\u015bcio\u0142a Ewangelicko-Augsburskiego rozci\u0105gaj\u0105cej si\u0119 od Karpacza po Szczecin. Wielokrotnie nagradzany za ochron\u0119 d\u00f3br kultury i dzia\u0142alno\u015b\u0107 ekumeniczn\u0105. Zagorza\u0142y fan futbolu, kibicuje \u015al\u0105skowi Wroc\u0142aw i FC Barcelona. Bo\u017cena Pytel \u2013 socjolog i fotograf, zajmuje si\u0119 PR i dzia\u0142aniami kulturalno-edukacyjnymi w Ko\u015bciele Pokoju. Wyda\u0142a XVII-wieczny pami\u0119tnik \u015bwidniczanina, na podstawie kt\u00f3rego powsta\u0142a sztuka grana przez aktor\u00f3w Teatru Starego w Krakowie. Przygotowa\u0142a warsztaty dziennikarsko-fotograficzne dla gimnazjalist\u00f3w z kilku miast oraz zaj\u0119cia dla grupy \u015bwidnickich licealist\u00f3w i senior\u00f3w. Pomys\u0142odawczyni Artystycznego Lata na placu Pokoju, czyli warsztat\u00f3w malarskich, rze\u017abiarskich i teatralnych. Wyr\u00f3\u017cniona przez prezydenta \u015awidnicy nagrod\u0105 kulturaln\u0105. Jeste\u015bmy ma\u0142\u017ce\u0144stwem od prawie 30. lat, mamy dw\u00f3ch doros\u0142ych syn\u00f3w. Nasza parafia ewangelicko-augsburska istnieje od po\u0142owy XVII wieku, kiedy wydano zgod\u0119 na budow\u0119 \u015bwi\u0105tyni. Od 1657 r. w Ko\u015bciele Pokoju nieprzerwanie odprawia si\u0119 nabo\u017ce\u0144stwa. Sytuacja parafian zmieni\u0142a si\u0119 po drugiej wojnie \u015bwiatowej, kiedy Dolny \u015al\u0105sk znalaz\u0142 si\u0119 w granicach Polski. Niemieck\u0105 Schweidnitz musieli opu\u015bci\u0107 dotychczasowi mieszka\u0144cy, g\u0142\u00f3wnie protestanci. Nowi mieszka\u0144cy, kt\u00f3rzy przyjechali z r\u00f3\u017cnych stron, byli zwykle katolikami i nasza \u015bwi\u0105tynia opustosza\u0142a. Do 1945 r. na nabo\u017ce\u0144stwa przychodzi\u0142o tutaj kilka, kilkana\u015bcie tysi\u0119cy os\u00f3b. Teraz nasza parafia liczy 120 os\u00f3b, obejmuje \u015awidnic\u0119, Bielaw\u0119 i Dzier\u017coni\u00f3w. Spotykamy si\u0119 na nabo\u017ce\u0144stwach w Ko\u015bciele Pokoju w niedziele o godz.10. Jeste\u015bmy protestantami, dok\u0142adniej &#8211; ewangelikami, a jeszcze dok\u0142adniej \u2013 luteranami. Nale\u017cymy do Ko\u015bcio\u0142a Ewangelicko-Augsburskiego, kt\u00f3ry jest najwi\u0119kszym ko\u015bcio\u0142em protestanckim w Polsce, z ks. biskupem Jerzym Samcem na czele. Liczy 71 tys. wiernych (najwi\u0119cej na \u015al\u0105sku Cieszy\u0144skim), w sze\u015bciu diecezjach. Nazwa Ko\u015bcio\u0142a Ewangelicko-Augsburskiego pochodzi od wyznania wiary z\u0142o\u017conego w 1530 roku na sejmie w Augsburgu. Odwo\u0142ujemy si\u0119 do Reformacji zapocz\u0105tkowanej w 1517 r. przez ks. Marcina Lutra, kt\u00f3ry zach\u0119ca\u0142 do odnowy Ko\u015bcio\u0142a. Uznajemy sakramenty chrztu i komunii, konfirmacj\u0119, spowied\u017a powszechn\u0105 i ma\u0142\u017ce\u0144stwo. Wierzymy w niebo i piek\u0142o, odrzucamy czy\u015bciec. Ksi\u0119\u017cy nie obowi\u0105zuje celibat. Nabo\u017ce\u0144stwo sk\u0142ada si\u0119 z liturgii S\u0142owa i liturgii komunii. Nasze podstawowe zasady: Solum Verbum (jedynie S\u0142owo) &#8211; S\u0142owo Bo\u017ce jest jedynym \u017ar\u00f3d\u0142em \u0142aski i zbawienia, Solus Christus (jedynie Chrystus) &#8211; Jezus Chrystus jest po\u015brednikiem mi\u0119dzy Bogiem a cz\u0142owiekiem, wiara w niego jest drog\u0105 do zbawienia. Tylko on mo\u017ce by\u0107 przedmiotem czci, on jest g\u0142ow\u0105 Ko\u015bcio\u0142a, nie papie\u017c. Nie uznajemy kultu \u015bwi\u0119tych ani Marii, kt\u00f3r\u0105 darzymy szacunkiem, Sola Scriptura (jedynie Pismo) &#8211; jedynym \u017ar\u00f3d\u0142em wiary i punktem odniesienia dla ewangelika jest Biblia, a nie soborowe orzeczenia, Sola gratia (jedynie \u0141aska) &#8211; to \u0141aska Bo\u017ca zapewnia nam zbawienie, nie mo\u017cna jej zyska\u0107 przez uczynki. Cz\u0142owiek mo\u017ce by\u0107 usprawiedliwiony przez Boga \u201eza darmo\u201d, jedynie z \u0142aski Bo\u017cej.\" \/>\n<meta property=\"og:url\" content=\"https:\/\/kosciolpokoju.pl\/de\/o-nas\/\" \/>\n<meta property=\"og:site_name\" content=\"Ko\u015bci\u00f3\u0142 Pokoju | DE\" \/>\n<meta property=\"og:image\" content=\"https:\/\/kosciolpokoju.pl\/de\/wp-content\/uploads\/sites\/3\/2015\/01\/bp1.jpg\" \/>\n<meta name=\"twitter:card\" content=\"summary_large_image\" \/>\n<meta name=\"twitter:label1\" content=\"Szacowany czas czytania\" \/>\n\t<meta name=\"twitter:data1\" content=\"3 minuty\" \/>\n<script type=\"application\/ld+json\" class=\"yoast-schema-graph\">{\"@context\":\"https:\/\/schema.org\",\"@graph\":[{\"@type\":\"WebPage\",\"@id\":\"https:\/\/kosciolpokoju.pl\/de\/o-nas\/\",\"url\":\"https:\/\/kosciolpokoju.pl\/de\/o-nas\/\",\"name\":\"O nas \/ Ko\u015bci\u00f3\u0142 Pokoju w \u015awidnicy\",\"isPartOf\":{\"@id\":\"https:\/\/kosciolpokoju.pl\/de\/#website\"},\"datePublished\":\"2015-01-24T15:33:50+00:00\",\"dateModified\":\"2015-01-24T15:33:50+00:00\",\"breadcrumb\":{\"@id\":\"https:\/\/kosciolpokoju.pl\/de\/o-nas\/#breadcrumb\"},\"inLanguage\":\"pl-PL\",\"potentialAction\":[{\"@type\":\"ReadAction\",\"target\":[\"https:\/\/kosciolpokoju.pl\/de\/o-nas\/\"]}]},{\"@type\":\"BreadcrumbList\",\"@id\":\"https:\/\/kosciolpokoju.pl\/de\/o-nas\/#breadcrumb\",\"itemListElement\":[{\"@type\":\"ListItem\",\"position\":1,\"name\":\"Strona g\u0142\u00f3wna\",\"item\":\"https:\/\/kosciolpokoju.pl\/de\/\"},{\"@type\":\"ListItem\",\"position\":2,\"name\":\"O nas\"}]},{\"@type\":\"WebSite\",\"@id\":\"https:\/\/kosciolpokoju.pl\/de\/#website\",\"url\":\"https:\/\/kosciolpokoju.pl\/de\/\",\"name\":\"Ko\u015bci\u00f3\u0142 Pokoju | DE\",\"description\":\"Najwi\u0119ksza drewniana barokowa \u015bwi\u0105tynia na \u015bwiecie!\",\"potentialAction\":[{\"@type\":\"SearchAction\",\"target\":{\"@type\":\"EntryPoint\",\"urlTemplate\":\"https:\/\/kosciolpokoju.pl\/de\/?s={search_term_string}\"},\"query-input\":\"required name=search_term_string\"}],\"inLanguage\":\"pl-PL\"}]}<\/script>\n<!-- \/ Yoast SEO plugin. -->","yoast_head_json":{"title":"O nas \/ Ko\u015bci\u00f3\u0142 Pokoju w \u015awidnicy","robots":{"index":"index","follow":"follow","max-snippet":"max-snippet:-1","max-image-preview":"max-image-preview:large","max-video-preview":"max-video-preview:-1"},"canonical":"https:\/\/kosciolpokoju.pl\/de\/o-nas\/","og_locale":"pl_PL","og_type":"article","og_title":"O nas \/ Ko\u015bci\u00f3\u0142 Pokoju w \u015awidnicy","og_description":"Witamy w Ko\u015bciele Pokoju, kt\u00f3rego gospodarzami jeste\u015bmy od 1989 roku. Oboje przyjechali\u015bmy ze \u015al\u0105ska Cieszy\u0144skiego, \u017ceby zaopiekowa\u0107 si\u0119 zaniedbanym obiektem, kt\u00f3ry by\u0142 w katastrofalnym stanie. Przez \u0107wier\u0107 wieku uda\u0142o nam si\u0119 przeprowadzi\u0107 gruntown\u0105 renowacj\u0119 \u015bwi\u0105tyni i placu Pokoju: instalacja nowoczesnych system\u00f3w zabezpieczaj\u0105cych, wymiana gontowego dachu, wzmocnienie \u015bcian, restauracja o\u0142tarza, ambony, organ\u00f3w, bramy wjazdowej, domu dzwonnika, domu str\u00f3\u017ca, liceum ewangelickiego oraz cz\u0119\u015bci cmentarza, konserwacja 300-letnich Biblii i starodruk\u00f3w. Naszym szczeg\u00f3lnym powodem do dumy jest wpisanie \u015bwi\u0105tyni w 2001 r. na List\u0119 \u015awiatowego Dziedzictwa UNESCO. Ks. bp Waldemar Pytel \u2013 proboszcz parafii ewangelicko-augsburskiej w \u015awidnicy oraz biskup diecezji wroc\u0142awskiej Ko\u015bcio\u0142a Ewangelicko-Augsburskiego rozci\u0105gaj\u0105cej si\u0119 od Karpacza po Szczecin. Wielokrotnie nagradzany za ochron\u0119 d\u00f3br kultury i dzia\u0142alno\u015b\u0107 ekumeniczn\u0105. Zagorza\u0142y fan futbolu, kibicuje \u015al\u0105skowi Wroc\u0142aw i FC Barcelona. Bo\u017cena Pytel \u2013 socjolog i fotograf, zajmuje si\u0119 PR i dzia\u0142aniami kulturalno-edukacyjnymi w Ko\u015bciele Pokoju. Wyda\u0142a XVII-wieczny pami\u0119tnik \u015bwidniczanina, na podstawie kt\u00f3rego powsta\u0142a sztuka grana przez aktor\u00f3w Teatru Starego w Krakowie. Przygotowa\u0142a warsztaty dziennikarsko-fotograficzne dla gimnazjalist\u00f3w z kilku miast oraz zaj\u0119cia dla grupy \u015bwidnickich licealist\u00f3w i senior\u00f3w. Pomys\u0142odawczyni Artystycznego Lata na placu Pokoju, czyli warsztat\u00f3w malarskich, rze\u017abiarskich i teatralnych. Wyr\u00f3\u017cniona przez prezydenta \u015awidnicy nagrod\u0105 kulturaln\u0105. Jeste\u015bmy ma\u0142\u017ce\u0144stwem od prawie 30. lat, mamy dw\u00f3ch doros\u0142ych syn\u00f3w. Nasza parafia ewangelicko-augsburska istnieje od po\u0142owy XVII wieku, kiedy wydano zgod\u0119 na budow\u0119 \u015bwi\u0105tyni. Od 1657 r. w Ko\u015bciele Pokoju nieprzerwanie odprawia si\u0119 nabo\u017ce\u0144stwa. Sytuacja parafian zmieni\u0142a si\u0119 po drugiej wojnie \u015bwiatowej, kiedy Dolny \u015al\u0105sk znalaz\u0142 si\u0119 w granicach Polski. Niemieck\u0105 Schweidnitz musieli opu\u015bci\u0107 dotychczasowi mieszka\u0144cy, g\u0142\u00f3wnie protestanci. Nowi mieszka\u0144cy, kt\u00f3rzy przyjechali z r\u00f3\u017cnych stron, byli zwykle katolikami i nasza \u015bwi\u0105tynia opustosza\u0142a. Do 1945 r. na nabo\u017ce\u0144stwa przychodzi\u0142o tutaj kilka, kilkana\u015bcie tysi\u0119cy os\u00f3b. Teraz nasza parafia liczy 120 os\u00f3b, obejmuje \u015awidnic\u0119, Bielaw\u0119 i Dzier\u017coni\u00f3w. Spotykamy si\u0119 na nabo\u017ce\u0144stwach w Ko\u015bciele Pokoju w niedziele o godz.10. Jeste\u015bmy protestantami, dok\u0142adniej &#8211; ewangelikami, a jeszcze dok\u0142adniej \u2013 luteranami. Nale\u017cymy do Ko\u015bcio\u0142a Ewangelicko-Augsburskiego, kt\u00f3ry jest najwi\u0119kszym ko\u015bcio\u0142em protestanckim w Polsce, z ks. biskupem Jerzym Samcem na czele. Liczy 71 tys. wiernych (najwi\u0119cej na \u015al\u0105sku Cieszy\u0144skim), w sze\u015bciu diecezjach. Nazwa Ko\u015bcio\u0142a Ewangelicko-Augsburskiego pochodzi od wyznania wiary z\u0142o\u017conego w 1530 roku na sejmie w Augsburgu. Odwo\u0142ujemy si\u0119 do Reformacji zapocz\u0105tkowanej w 1517 r. przez ks. Marcina Lutra, kt\u00f3ry zach\u0119ca\u0142 do odnowy Ko\u015bcio\u0142a. Uznajemy sakramenty chrztu i komunii, konfirmacj\u0119, spowied\u017a powszechn\u0105 i ma\u0142\u017ce\u0144stwo. Wierzymy w niebo i piek\u0142o, odrzucamy czy\u015bciec. Ksi\u0119\u017cy nie obowi\u0105zuje celibat. Nabo\u017ce\u0144stwo sk\u0142ada si\u0119 z liturgii S\u0142owa i liturgii komunii. Nasze podstawowe zasady: Solum Verbum (jedynie S\u0142owo) &#8211; S\u0142owo Bo\u017ce jest jedynym \u017ar\u00f3d\u0142em \u0142aski i zbawienia, Solus Christus (jedynie Chrystus) &#8211; Jezus Chrystus jest po\u015brednikiem mi\u0119dzy Bogiem a cz\u0142owiekiem, wiara w niego jest drog\u0105 do zbawienia. Tylko on mo\u017ce by\u0107 przedmiotem czci, on jest g\u0142ow\u0105 Ko\u015bcio\u0142a, nie papie\u017c. Nie uznajemy kultu \u015bwi\u0119tych ani Marii, kt\u00f3r\u0105 darzymy szacunkiem, Sola Scriptura (jedynie Pismo) &#8211; jedynym \u017ar\u00f3d\u0142em wiary i punktem odniesienia dla ewangelika jest Biblia, a nie soborowe orzeczenia, Sola gratia (jedynie \u0141aska) &#8211; to \u0141aska Bo\u017ca zapewnia nam zbawienie, nie mo\u017cna jej zyska\u0107 przez uczynki. Cz\u0142owiek mo\u017ce by\u0107 usprawiedliwiony przez Boga \u201eza darmo\u201d, jedynie z \u0142aski Bo\u017cej.","og_url":"https:\/\/kosciolpokoju.pl\/de\/o-nas\/","og_site_name":"Ko\u015bci\u00f3\u0142 Pokoju | DE","og_image":[{"url":"https:\/\/kosciolpokoju.pl\/de\/wp-content\/uploads\/sites\/3\/2015\/01\/bp1.jpg"}],"twitter_card":"summary_large_image","twitter_misc":{"Szacowany czas czytania":"3 minuty"},"schema":{"@context":"https:\/\/schema.org","@graph":[{"@type":"WebPage","@id":"https:\/\/kosciolpokoju.pl\/de\/o-nas\/","url":"https:\/\/kosciolpokoju.pl\/de\/o-nas\/","name":"O nas \/ Ko\u015bci\u00f3\u0142 Pokoju w \u015awidnicy","isPartOf":{"@id":"https:\/\/kosciolpokoju.pl\/de\/#website"},"datePublished":"2015-01-24T15:33:50+00:00","dateModified":"2015-01-24T15:33:50+00:00","breadcrumb":{"@id":"https:\/\/kosciolpokoju.pl\/de\/o-nas\/#breadcrumb"},"inLanguage":"pl-PL","potentialAction":[{"@type":"ReadAction","target":["https:\/\/kosciolpokoju.pl\/de\/o-nas\/"]}]},{"@type":"BreadcrumbList","@id":"https:\/\/kosciolpokoju.pl\/de\/o-nas\/#breadcrumb","itemListElement":[{"@type":"ListItem","position":1,"name":"Strona g\u0142\u00f3wna","item":"https:\/\/kosciolpokoju.pl\/de\/"},{"@type":"ListItem","position":2,"name":"O nas"}]},{"@type":"WebSite","@id":"https:\/\/kosciolpokoju.pl\/de\/#website","url":"https:\/\/kosciolpokoju.pl\/de\/","name":"Ko\u015bci\u00f3\u0142 Pokoju | DE","description":"Najwi\u0119ksza drewniana barokowa \u015bwi\u0105tynia na \u015bwiecie!","potentialAction":[{"@type":"SearchAction","target":{"@type":"EntryPoint","urlTemplate":"https:\/\/kosciolpokoju.pl\/de\/?s={search_term_string}"},"query-input":"required name=search_term_string"}],"inLanguage":"pl-PL"}]}},"_links":{"self":[{"href":"https:\/\/kosciolpokoju.pl\/de\/wp-json\/wp\/v2\/pages\/42"}],"collection":[{"href":"https:\/\/kosciolpokoju.pl\/de\/wp-json\/wp\/v2\/pages"}],"about":[{"href":"https:\/\/kosciolpokoju.pl\/de\/wp-json\/wp\/v2\/types\/page"}],"author":[{"embeddable":true,"href":"https:\/\/kosciolpokoju.pl\/de\/wp-json\/wp\/v2\/users\/1"}],"replies":[{"embeddable":true,"href":"https:\/\/kosciolpokoju.pl\/de\/wp-json\/wp\/v2\/comments?post=42"}],"version-history":[{"count":0,"href":"https:\/\/kosciolpokoju.pl\/de\/wp-json\/wp\/v2\/pages\/42\/revisions"}],"wp:attachment":[{"href":"https:\/\/kosciolpokoju.pl\/de\/wp-json\/wp\/v2\/media?parent=42"}],"curies":[{"name":"wp","href":"https:\/\/api.w.org\/{rel}","templated":true}]}}