{"id":44,"date":"2015-01-24T15:35:35","date_gmt":"2015-01-24T15:35:35","guid":{"rendered":"http:\/\/imicreationlive.com\/adore-church\/?page_id=44"},"modified":"2015-01-24T15:35:35","modified_gmt":"2015-01-24T15:35:35","slug":"unesco","status":"publish","type":"page","link":"https:\/\/kosciolpokoju.pl\/de\/unesco\/","title":{"rendered":"UNESCO"},"content":{"rendered":"<h3 style=\"text-align: center\"><span style=\"color: #000000\">To najbardziej presti\u017cowa lista obejmuj\u0105ca obiekty kulturowe i przyrodnicze o najwi\u0119kszej warto\u015bci, uznane za wsp\u00f3lne dobro ludzko\u015bci i obj\u0119te szczeg\u00f3ln\u0105 ochron\u0105 UNESCO.<\/span><\/h3>\n<p><span style=\"color: #000000\">O wpisaniu na ni\u0105 decyduje co roku Komitet \u015awiatowego Dziedzictwa, a warunkiem jest wyj\u0105tkowo\u015b\u0107 obiektu w skali \u015bwiatowej. Obecnie znajduje si\u0119 na niej 1007 obiekt\u00f3w w 161 pa\u0144stwach.<\/span><\/p>\n<p><span style=\"color: #000000\">W Polsce tego zaszczytu dost\u0105pi\u0142o 13 miejsc, kt\u00f3re tworz\u0105 Lig\u0119 Polskich Miast i Miejsc UNESCO. Ko\u015bci\u00f3\u0142 Pokoju zosta\u0142 wpisany na List\u0119 \u015awiatowego Dziedzictwa UNESCO w 2001 r., jako niepowtarzalne \u015bwiadectwo wiary, wsp\u00f3lnoty religijnej oraz rozwi\u0105za\u0144 architektonicznych.<\/span><br \/>\n<span style=\"color: #000000\"> Jest jednym z zaledwie trzech obiekt\u00f3w z Dolnego \u015al\u0105ska, obok Hali Stulecia we Wroc\u0142awiu i Ko\u015bcio\u0142a Pokoju w Jaworze.<\/span><br \/>\n<span style=\"color: #000000\"> Uzasadnienie wpisu:<\/span><\/p>\n<blockquote><p><span style=\"color: #000000\">\u201eW wyniku nakaz\u00f3w narzuconych przez \u00f3wcze\u015bnie panuj\u0105c\u0105 na tych obszarach austriack\u0105 monarchi\u0119 Habsburg\u00f3w, stawianie Ko\u015bcio\u0142\u00f3w Pokoju wymaga\u0142o od budowniczych zastosowania pionierskich, kompleksowych rozwi\u0105za\u0144 konstrukcyjnych i architektonicznych, nigdy wcze\u015bniej nie praktykowanych, zw\u0142aszcza na p\u0142aszczy\u017anie architektury drewnianej. Na ich zadziwiaj\u0105c\u0105 wyj\u0105tkowo\u015b\u0107 sk\u0142ada si\u0119 r\u00f3wnie\u017c fakt, i\u017c pomimo powszechnego sceptycyzmu wobec trwa\u0142o\u015bci i solidno\u015bci wzniesionych obiekt\u00f3w, przetrwa\u0142y one do dnia dzisiejszego. Ko\u015bcio\u0142y Pokoju nosz\u0105 wyj\u0105tkowe \u015bwiadectwo rozwoju szczeg\u00f3lnego rodzaju si\u0142y politycznej w dobie siedemnastowiecznej Europy, nasyconej ogromn\u0105 duchow\u0105 moc\u0105 i zaanga\u017cowaniem. Ko\u015bcio\u0142y Pokoju w Jaworze i \u015awidnicy to najwi\u0119ksze w Europie obiekty sakralne zbudowane w konstrukcji szkieletowo-reglowej. Obydwa protestanckie ko\u015bcio\u0142y zosta\u0142y wzniesione w po\u0142owie XVII wieku, po zako\u0144czeniu wojny trzydziestoletniej, kt\u00f3ra spustoszy\u0142a wielkie obszary Europy. Podpisuj\u0105c traktat pokojowy w Westfalii w 1648 r. monarcha austriacki zezwoli\u0142 protestantom z Dolnego \u015al\u0105ska wznie\u015b\u0107 trzy &#8222;ko\u015bcio\u0142y pokoju&#8221;. Mia\u0142y upami\u0119tni\u0107 zako\u0144czenie wyniszczaj\u0105cej wojny i koniec konfliktu religijnego.&#8221;<\/span><\/p><\/blockquote>\n<h3 style=\"text-align: center\"><span style=\"color: #000000\">W pobli\u017cu Ko\u015bcio\u0142a Pokoju, w dawnym domu dzwonnika stworzyli\u015bmy<br \/>\nCentrum Promocji i Partnerstwa UNESCO.<\/span><\/h3>\n<p><span style=\"color: #000000\">W 2010 r. przygotowali\u015bmy Dolno\u015bl\u0105ski Szlak UNESCO. Wyruszyli\u015bmy w podr\u00f3\u017c do kilku miast z Listy: do Torunia, Zamo\u015bcia, Krakowa i Wieliczki, prezentuj\u0105c tam nasze zabytki, film \u201eTajemnica pastora\u201d oraz spektakl \u201eM\u0105dry tak nie podr\u00f3\u017cuje\u201d, oparty na pami\u0119tniku XVII-wiecznego \u015bwidniczanina, kt\u00f3ry pokona\u0142 4 tys. km, pieszo, konno, statkiem, \u017ceby na europejskich dworach zebra\u0107 fundusze na budow\u0119 \u015bwidnickiego Ko\u015bcio\u0142a Pokoju.<\/span><\/p>\n","protected":false},"excerpt":{"rendered":"<p>To najbardziej presti\u017cowa lista obejmuj\u0105ca obiekty kulturowe i przyrodnicze o najwi\u0119kszej warto\u015bci, uznane za wsp\u00f3lne dobro ludzko\u015bci i obj\u0119te szczeg\u00f3ln\u0105 ochron\u0105 UNESCO. O wpisaniu na ni\u0105 decyduje co roku Komitet \u015awiatowego Dziedzictwa, a warunkiem jest wyj\u0105tkowo\u015b\u0107 obiektu w skali \u015bwiatowej. Obecnie znajduje si\u0119 na niej 1007 obiekt\u00f3w w 161 pa\u0144stwach. W Polsce tego zaszczytu dost\u0105pi\u0142o 13 miejsc, kt\u00f3re tworz\u0105 Lig\u0119 Polskich Miast i Miejsc UNESCO. Ko\u015bci\u00f3\u0142 Pokoju zosta\u0142 wpisany na List\u0119 \u015awiatowego Dziedzictwa UNESCO w 2001 r., jako niepowtarzalne \u015bwiadectwo wiary, wsp\u00f3lnoty religijnej oraz rozwi\u0105za\u0144 architektonicznych. Jest jednym z zaledwie trzech obiekt\u00f3w z Dolnego \u015al\u0105ska, obok Hali Stulecia we Wroc\u0142awiu i Ko\u015bcio\u0142a Pokoju w Jaworze. Uzasadnienie wpisu: \u201eW wyniku nakaz\u00f3w narzuconych przez \u00f3wcze\u015bnie panuj\u0105c\u0105 na tych obszarach austriack\u0105 monarchi\u0119 Habsburg\u00f3w, stawianie Ko\u015bcio\u0142\u00f3w Pokoju wymaga\u0142o od budowniczych zastosowania pionierskich, kompleksowych rozwi\u0105za\u0144 konstrukcyjnych i architektonicznych, nigdy wcze\u015bniej nie praktykowanych, zw\u0142aszcza na p\u0142aszczy\u017anie architektury drewnianej. Na ich zadziwiaj\u0105c\u0105 wyj\u0105tkowo\u015b\u0107 sk\u0142ada si\u0119 r\u00f3wnie\u017c fakt, i\u017c pomimo powszechnego sceptycyzmu wobec trwa\u0142o\u015bci i solidno\u015bci wzniesionych obiekt\u00f3w, przetrwa\u0142y one do dnia dzisiejszego. Ko\u015bcio\u0142y Pokoju nosz\u0105 wyj\u0105tkowe \u015bwiadectwo rozwoju szczeg\u00f3lnego rodzaju si\u0142y politycznej w dobie siedemnastowiecznej Europy, nasyconej ogromn\u0105 duchow\u0105 moc\u0105 i zaanga\u017cowaniem. Ko\u015bcio\u0142y Pokoju w Jaworze i \u015awidnicy to najwi\u0119ksze w Europie obiekty sakralne zbudowane w konstrukcji szkieletowo-reglowej. Obydwa protestanckie ko\u015bcio\u0142y zosta\u0142y wzniesione w po\u0142owie XVII wieku, po zako\u0144czeniu wojny trzydziestoletniej, kt\u00f3ra spustoszy\u0142a wielkie obszary Europy. Podpisuj\u0105c traktat pokojowy w Westfalii w 1648 r. monarcha austriacki zezwoli\u0142 protestantom z Dolnego \u015al\u0105ska wznie\u015b\u0107 trzy &#8222;ko\u015bcio\u0142y pokoju&#8221;. Mia\u0142y upami\u0119tni\u0107 zako\u0144czenie wyniszczaj\u0105cej wojny i koniec konfliktu religijnego.&#8221; W pobli\u017cu Ko\u015bcio\u0142a Pokoju, w dawnym domu dzwonnika stworzyli\u015bmy Centrum Promocji i Partnerstwa UNESCO. W 2010 r. przygotowali\u015bmy Dolno\u015bl\u0105ski Szlak UNESCO. Wyruszyli\u015bmy w podr\u00f3\u017c do kilku miast z Listy: do Torunia, Zamo\u015bcia, Krakowa i Wieliczki, prezentuj\u0105c tam nasze zabytki, film \u201eTajemnica pastora\u201d oraz spektakl \u201eM\u0105dry tak nie podr\u00f3\u017cuje\u201d, oparty na pami\u0119tniku XVII-wiecznego \u015bwidniczanina, kt\u00f3ry pokona\u0142 4 tys. km, pieszo, konno, statkiem, \u017ceby na europejskich dworach zebra\u0107 fundusze na budow\u0119 \u015bwidnickiego Ko\u015bcio\u0142a Pokoju.<\/p>\n","protected":false},"author":1,"featured_media":0,"parent":0,"menu_order":0,"comment_status":"open","ping_status":"open","template":"","meta":{"footnotes":""},"yoast_head":"<!-- This site is optimized with the Yoast SEO plugin v20.4 - https:\/\/yoast.com\/wordpress\/plugins\/seo\/ -->\n<title>UNESCO \/ Ko\u015bci\u00f3\u0142 Pokoju w \u015awidnicy<\/title>\n<meta name=\"description\" content=\"To najbardziej presti\u017cowa lista obejmuj\u0105ca obiekty kulturowe i przyrodnicze o najwi\u0119kszej warto\u015bci kulturowej.\" \/>\n<meta name=\"robots\" content=\"index, follow, max-snippet:-1, max-image-preview:large, max-video-preview:-1\" \/>\n<link rel=\"canonical\" href=\"https:\/\/kosciolpokoju.pl\/de\/unesco\/\" \/>\n<meta property=\"og:locale\" content=\"pl_PL\" \/>\n<meta property=\"og:type\" content=\"article\" \/>\n<meta property=\"og:title\" content=\"UNESCO \/ Ko\u015bci\u00f3\u0142 Pokoju w \u015awidnicy\" \/>\n<meta property=\"og:description\" content=\"To najbardziej presti\u017cowa lista obejmuj\u0105ca obiekty kulturowe i przyrodnicze o najwi\u0119kszej warto\u015bci kulturowej.\" \/>\n<meta property=\"og:url\" content=\"https:\/\/kosciolpokoju.pl\/de\/unesco\/\" \/>\n<meta property=\"og:site_name\" content=\"Ko\u015bci\u00f3\u0142 Pokoju | DE\" \/>\n<meta name=\"twitter:card\" content=\"summary_large_image\" \/>\n<meta name=\"twitter:label1\" content=\"Szacowany czas czytania\" \/>\n\t<meta name=\"twitter:data1\" content=\"2 minuty\" \/>\n<script type=\"application\/ld+json\" class=\"yoast-schema-graph\">{\"@context\":\"https:\/\/schema.org\",\"@graph\":[{\"@type\":\"WebPage\",\"@id\":\"https:\/\/kosciolpokoju.pl\/de\/unesco\/\",\"url\":\"https:\/\/kosciolpokoju.pl\/de\/unesco\/\",\"name\":\"UNESCO \/ Ko\u015bci\u00f3\u0142 Pokoju w \u015awidnicy\",\"isPartOf\":{\"@id\":\"https:\/\/kosciolpokoju.pl\/de\/#website\"},\"datePublished\":\"2015-01-24T15:35:35+00:00\",\"dateModified\":\"2015-01-24T15:35:35+00:00\",\"description\":\"To najbardziej presti\u017cowa lista obejmuj\u0105ca obiekty kulturowe i przyrodnicze o najwi\u0119kszej warto\u015bci kulturowej.\",\"breadcrumb\":{\"@id\":\"https:\/\/kosciolpokoju.pl\/de\/unesco\/#breadcrumb\"},\"inLanguage\":\"pl-PL\",\"potentialAction\":[{\"@type\":\"ReadAction\",\"target\":[\"https:\/\/kosciolpokoju.pl\/de\/unesco\/\"]}]},{\"@type\":\"BreadcrumbList\",\"@id\":\"https:\/\/kosciolpokoju.pl\/de\/unesco\/#breadcrumb\",\"itemListElement\":[{\"@type\":\"ListItem\",\"position\":1,\"name\":\"Strona g\u0142\u00f3wna\",\"item\":\"https:\/\/kosciolpokoju.pl\/de\/\"},{\"@type\":\"ListItem\",\"position\":2,\"name\":\"UNESCO\"}]},{\"@type\":\"WebSite\",\"@id\":\"https:\/\/kosciolpokoju.pl\/de\/#website\",\"url\":\"https:\/\/kosciolpokoju.pl\/de\/\",\"name\":\"Ko\u015bci\u00f3\u0142 Pokoju | DE\",\"description\":\"Najwi\u0119ksza drewniana barokowa \u015bwi\u0105tynia na \u015bwiecie!\",\"potentialAction\":[{\"@type\":\"SearchAction\",\"target\":{\"@type\":\"EntryPoint\",\"urlTemplate\":\"https:\/\/kosciolpokoju.pl\/de\/?s={search_term_string}\"},\"query-input\":\"required name=search_term_string\"}],\"inLanguage\":\"pl-PL\"}]}<\/script>\n<!-- \/ Yoast SEO plugin. -->","yoast_head_json":{"title":"UNESCO \/ Ko\u015bci\u00f3\u0142 Pokoju w \u015awidnicy","description":"To najbardziej presti\u017cowa lista obejmuj\u0105ca obiekty kulturowe i przyrodnicze o najwi\u0119kszej warto\u015bci kulturowej.","robots":{"index":"index","follow":"follow","max-snippet":"max-snippet:-1","max-image-preview":"max-image-preview:large","max-video-preview":"max-video-preview:-1"},"canonical":"https:\/\/kosciolpokoju.pl\/de\/unesco\/","og_locale":"pl_PL","og_type":"article","og_title":"UNESCO \/ Ko\u015bci\u00f3\u0142 Pokoju w \u015awidnicy","og_description":"To najbardziej presti\u017cowa lista obejmuj\u0105ca obiekty kulturowe i przyrodnicze o najwi\u0119kszej warto\u015bci kulturowej.","og_url":"https:\/\/kosciolpokoju.pl\/de\/unesco\/","og_site_name":"Ko\u015bci\u00f3\u0142 Pokoju | DE","twitter_card":"summary_large_image","twitter_misc":{"Szacowany czas czytania":"2 minuty"},"schema":{"@context":"https:\/\/schema.org","@graph":[{"@type":"WebPage","@id":"https:\/\/kosciolpokoju.pl\/de\/unesco\/","url":"https:\/\/kosciolpokoju.pl\/de\/unesco\/","name":"UNESCO \/ Ko\u015bci\u00f3\u0142 Pokoju w \u015awidnicy","isPartOf":{"@id":"https:\/\/kosciolpokoju.pl\/de\/#website"},"datePublished":"2015-01-24T15:35:35+00:00","dateModified":"2015-01-24T15:35:35+00:00","description":"To najbardziej presti\u017cowa lista obejmuj\u0105ca obiekty kulturowe i przyrodnicze o najwi\u0119kszej warto\u015bci kulturowej.","breadcrumb":{"@id":"https:\/\/kosciolpokoju.pl\/de\/unesco\/#breadcrumb"},"inLanguage":"pl-PL","potentialAction":[{"@type":"ReadAction","target":["https:\/\/kosciolpokoju.pl\/de\/unesco\/"]}]},{"@type":"BreadcrumbList","@id":"https:\/\/kosciolpokoju.pl\/de\/unesco\/#breadcrumb","itemListElement":[{"@type":"ListItem","position":1,"name":"Strona g\u0142\u00f3wna","item":"https:\/\/kosciolpokoju.pl\/de\/"},{"@type":"ListItem","position":2,"name":"UNESCO"}]},{"@type":"WebSite","@id":"https:\/\/kosciolpokoju.pl\/de\/#website","url":"https:\/\/kosciolpokoju.pl\/de\/","name":"Ko\u015bci\u00f3\u0142 Pokoju | DE","description":"Najwi\u0119ksza drewniana barokowa \u015bwi\u0105tynia na \u015bwiecie!","potentialAction":[{"@type":"SearchAction","target":{"@type":"EntryPoint","urlTemplate":"https:\/\/kosciolpokoju.pl\/de\/?s={search_term_string}"},"query-input":"required name=search_term_string"}],"inLanguage":"pl-PL"}]}},"_links":{"self":[{"href":"https:\/\/kosciolpokoju.pl\/de\/wp-json\/wp\/v2\/pages\/44"}],"collection":[{"href":"https:\/\/kosciolpokoju.pl\/de\/wp-json\/wp\/v2\/pages"}],"about":[{"href":"https:\/\/kosciolpokoju.pl\/de\/wp-json\/wp\/v2\/types\/page"}],"author":[{"embeddable":true,"href":"https:\/\/kosciolpokoju.pl\/de\/wp-json\/wp\/v2\/users\/1"}],"replies":[{"embeddable":true,"href":"https:\/\/kosciolpokoju.pl\/de\/wp-json\/wp\/v2\/comments?post=44"}],"version-history":[{"count":0,"href":"https:\/\/kosciolpokoju.pl\/de\/wp-json\/wp\/v2\/pages\/44\/revisions"}],"wp:attachment":[{"href":"https:\/\/kosciolpokoju.pl\/de\/wp-json\/wp\/v2\/media?parent=44"}],"curies":[{"name":"wp","href":"https:\/\/api.w.org\/{rel}","templated":true}]}}