{"id":515,"date":"2015-08-17T09:56:42","date_gmt":"2015-08-17T09:56:42","guid":{"rendered":"http:\/\/kp.janwizerunek.pl\/?page_id=515"},"modified":"2015-08-17T09:56:42","modified_gmt":"2015-08-17T09:56:42","slug":"noclegi-barokowy-zakatek","status":"publish","type":"page","link":"https:\/\/kosciolpokoju.pl\/de\/noclegi-barokowy-zakatek\/","title":{"rendered":"Noclegi \/ Barokowy Zak\u0105tek"},"content":{"rendered":"<h3 style=\"text-align: center\"><span style=\"color: #000000\">Pensjonat inny ni\u017c wszystkie&#8230;<\/span><\/h3>\n<p lang=\"pl-PL\" align=\"LEFT\"><span style=\"color: #000000\">W jednym z zabytkowych budynk\u00f3w na placu Pokoju, w dawnym liceum ewangelickim z 1708 r. stworzyli\u015bmy niepowtarzalny pensjonat. Historyczne otoczenie i wystr\u00f3j nadaj\u0105 mu wyj\u0105tkowy klimat.<br \/>\n<\/span><\/p>\n\n\t\t<style type=\"text\/css\">\n\t\t\t#gallery-1 {\n\t\t\t\tmargin: auto;\n\t\t\t}\n\t\t\t#gallery-1 .gallery-item {\n\t\t\t\tfloat: left;\n\t\t\t\tmargin-top: 10px;\n\t\t\t\ttext-align: center;\n\t\t\t\twidth: 16%;\n\t\t\t}\n\t\t\t#gallery-1 img {\n\t\t\t\tborder: 2px solid #cfcfcf;\n\t\t\t}\n\t\t\t#gallery-1 .gallery-caption {\n\t\t\t\tmargin-left: 0;\n\t\t\t}\n\t\t\t\/* see gallery_shortcode() in wp-includes\/media.php *\/\n\t\t<\/style>\n\t\t<div id='gallery-1' class='gallery galleryid-515 gallery-columns-6 gallery-size-thumbnail'><dl class='gallery-item'>\n\t\t\t<dt class='gallery-icon landscape'>\n\t\t\t\t<a href='https:\/\/kosciolpokoju.pl\/de\/wp-content\/uploads\/sites\/3\/2015\/08\/b.jpg' title=\"\" data-rl_title=\"\" class=\"rl-gallery-link\" data-rl_caption=\"\" data-rel=\"lightbox-gallery-1\"><img loading=\"lazy\" decoding=\"async\" width=\"150\" height=\"150\" src=\"https:\/\/kosciolpokoju.pl\/de\/wp-content\/uploads\/sites\/3\/2015\/08\/b-150x150.jpg\" class=\"attachment-thumbnail size-thumbnail\" alt=\"\" \/><\/a>\n\t\t\t<\/dt><\/dl><dl class='gallery-item'>\n\t\t\t<dt class='gallery-icon landscape'>\n\t\t\t\t<a href='https:\/\/kosciolpokoju.pl\/de\/wp-content\/uploads\/sites\/3\/2015\/08\/c.jpg' title=\"\" data-rl_title=\"\" class=\"rl-gallery-link\" data-rl_caption=\"\" data-rel=\"lightbox-gallery-1\"><img loading=\"lazy\" decoding=\"async\" width=\"150\" height=\"150\" src=\"https:\/\/kosciolpokoju.pl\/de\/wp-content\/uploads\/sites\/3\/2015\/08\/c-150x150.jpg\" class=\"attachment-thumbnail size-thumbnail\" alt=\"\" \/><\/a>\n\t\t\t<\/dt><\/dl><dl class='gallery-item'>\n\t\t\t<dt class='gallery-icon landscape'>\n\t\t\t\t<a href='https:\/\/kosciolpokoju.pl\/de\/wp-content\/uploads\/sites\/3\/2015\/08\/foto9.jpg' title=\"\" data-rl_title=\"\" class=\"rl-gallery-link\" data-rl_caption=\"\" data-rel=\"lightbox-gallery-1\"><img loading=\"lazy\" decoding=\"async\" width=\"150\" height=\"150\" src=\"https:\/\/kosciolpokoju.pl\/de\/wp-content\/uploads\/sites\/3\/2015\/08\/foto9-150x150.jpg\" class=\"attachment-thumbnail size-thumbnail\" alt=\"\" \/><\/a>\n\t\t\t<\/dt><\/dl><dl class='gallery-item'>\n\t\t\t<dt class='gallery-icon portrait'>\n\t\t\t\t<a href='https:\/\/kosciolpokoju.pl\/de\/wp-content\/uploads\/sites\/3\/2015\/08\/foto10.jpg' title=\"\" data-rl_title=\"\" class=\"rl-gallery-link\" data-rl_caption=\"\" data-rel=\"lightbox-gallery-1\"><img loading=\"lazy\" decoding=\"async\" width=\"150\" height=\"150\" src=\"https:\/\/kosciolpokoju.pl\/de\/wp-content\/uploads\/sites\/3\/2015\/08\/foto10-150x150.jpg\" class=\"attachment-thumbnail size-thumbnail\" alt=\"\" \/><\/a>\n\t\t\t<\/dt><\/dl><dl class='gallery-item'>\n\t\t\t<dt class='gallery-icon portrait'>\n\t\t\t\t<a href='https:\/\/kosciolpokoju.pl\/de\/wp-content\/uploads\/sites\/3\/2015\/08\/MG_0142.jpg' title=\"\" data-rl_title=\"\" class=\"rl-gallery-link\" data-rl_caption=\"\" data-rel=\"lightbox-gallery-1\"><img loading=\"lazy\" decoding=\"async\" width=\"150\" height=\"150\" src=\"https:\/\/kosciolpokoju.pl\/de\/wp-content\/uploads\/sites\/3\/2015\/08\/MG_0142-150x150.jpg\" class=\"attachment-thumbnail size-thumbnail\" alt=\"\" \/><\/a>\n\t\t\t<\/dt><\/dl><dl class='gallery-item'>\n\t\t\t<dt class='gallery-icon landscape'>\n\t\t\t\t<a href='https:\/\/kosciolpokoju.pl\/de\/wp-content\/uploads\/sites\/3\/2015\/08\/IMG_4787.jpg' title=\"\" data-rl_title=\"\" class=\"rl-gallery-link\" data-rl_caption=\"\" data-rel=\"lightbox-gallery-1\"><img loading=\"lazy\" decoding=\"async\" width=\"150\" height=\"150\" src=\"https:\/\/kosciolpokoju.pl\/de\/wp-content\/uploads\/sites\/3\/2015\/08\/IMG_4787-150x150.jpg\" class=\"attachment-thumbnail size-thumbnail\" alt=\"\" \/><\/a>\n\t\t\t<\/dt><\/dl><br style=\"clear: both\" \/><dl class='gallery-item'>\n\t\t\t<dt class='gallery-icon landscape'>\n\t\t\t\t<a href='https:\/\/kosciolpokoju.pl\/de\/wp-content\/uploads\/sites\/3\/2015\/08\/IMG_4788.jpg' title=\"\" data-rl_title=\"\" class=\"rl-gallery-link\" data-rl_caption=\"\" data-rel=\"lightbox-gallery-1\"><img loading=\"lazy\" decoding=\"async\" width=\"150\" height=\"150\" src=\"https:\/\/kosciolpokoju.pl\/de\/wp-content\/uploads\/sites\/3\/2015\/08\/IMG_4788-150x150.jpg\" class=\"attachment-thumbnail size-thumbnail\" alt=\"\" \/><\/a>\n\t\t\t<\/dt><\/dl><dl class='gallery-item'>\n\t\t\t<dt class='gallery-icon landscape'>\n\t\t\t\t<a href='https:\/\/kosciolpokoju.pl\/de\/wp-content\/uploads\/sites\/3\/2015\/08\/IMG_4789.jpg' title=\"\" data-rl_title=\"\" class=\"rl-gallery-link\" data-rl_caption=\"\" data-rel=\"lightbox-gallery-1\"><img loading=\"lazy\" decoding=\"async\" width=\"150\" height=\"150\" src=\"https:\/\/kosciolpokoju.pl\/de\/wp-content\/uploads\/sites\/3\/2015\/08\/IMG_4789-150x150.jpg\" class=\"attachment-thumbnail size-thumbnail\" alt=\"\" \/><\/a>\n\t\t\t<\/dt><\/dl><dl class='gallery-item'>\n\t\t\t<dt class='gallery-icon landscape'>\n\t\t\t\t<a href='https:\/\/kosciolpokoju.pl\/de\/wp-content\/uploads\/sites\/3\/2015\/08\/IMG_4790.jpg' title=\"\" data-rl_title=\"\" class=\"rl-gallery-link\" data-rl_caption=\"\" data-rel=\"lightbox-gallery-1\"><img loading=\"lazy\" decoding=\"async\" width=\"150\" height=\"150\" src=\"https:\/\/kosciolpokoju.pl\/de\/wp-content\/uploads\/sites\/3\/2015\/08\/IMG_4790-150x150.jpg\" class=\"attachment-thumbnail size-thumbnail\" alt=\"\" \/><\/a>\n\t\t\t<\/dt><\/dl><dl class='gallery-item'>\n\t\t\t<dt class='gallery-icon landscape'>\n\t\t\t\t<a href='https:\/\/kosciolpokoju.pl\/de\/wp-content\/uploads\/sites\/3\/2015\/08\/IMG_4798.jpg' title=\"\" data-rl_title=\"\" class=\"rl-gallery-link\" data-rl_caption=\"\" data-rel=\"lightbox-gallery-1\"><img loading=\"lazy\" decoding=\"async\" width=\"150\" height=\"150\" src=\"https:\/\/kosciolpokoju.pl\/de\/wp-content\/uploads\/sites\/3\/2015\/08\/IMG_4798-150x150.jpg\" class=\"attachment-thumbnail size-thumbnail\" alt=\"\" \/><\/a>\n\t\t\t<\/dt><\/dl><dl class='gallery-item'>\n\t\t\t<dt class='gallery-icon portrait'>\n\t\t\t\t<a href='https:\/\/kosciolpokoju.pl\/de\/wp-content\/uploads\/sites\/3\/2015\/08\/MG_0137.jpg' title=\"\" data-rl_title=\"\" class=\"rl-gallery-link\" data-rl_caption=\"\" data-rel=\"lightbox-gallery-1\"><img loading=\"lazy\" decoding=\"async\" width=\"150\" height=\"150\" src=\"https:\/\/kosciolpokoju.pl\/de\/wp-content\/uploads\/sites\/3\/2015\/08\/MG_0137-150x150.jpg\" class=\"attachment-thumbnail size-thumbnail\" alt=\"\" \/><\/a>\n\t\t\t<\/dt><\/dl><dl class='gallery-item'>\n\t\t\t<dt class='gallery-icon landscape'>\n\t\t\t\t<a href='https:\/\/kosciolpokoju.pl\/de\/wp-content\/uploads\/sites\/3\/2015\/08\/IMG_4802.jpg' title=\"\" data-rl_title=\"\" class=\"rl-gallery-link\" data-rl_caption=\"\" data-rel=\"lightbox-gallery-1\"><img loading=\"lazy\" decoding=\"async\" width=\"150\" height=\"150\" src=\"https:\/\/kosciolpokoju.pl\/de\/wp-content\/uploads\/sites\/3\/2015\/08\/IMG_4802-150x150.jpg\" class=\"attachment-thumbnail size-thumbnail\" alt=\"\" \/><\/a>\n\t\t\t<\/dt><\/dl><br style=\"clear: both\" \/><dl class='gallery-item'>\n\t\t\t<dt class='gallery-icon portrait'>\n\t\t\t\t<a href='https:\/\/kosciolpokoju.pl\/de\/wp-content\/uploads\/sites\/3\/2015\/08\/MG_0133.jpg' title=\"\" data-rl_title=\"\" class=\"rl-gallery-link\" data-rl_caption=\"\" data-rel=\"lightbox-gallery-1\"><img loading=\"lazy\" decoding=\"async\" width=\"150\" height=\"150\" src=\"https:\/\/kosciolpokoju.pl\/de\/wp-content\/uploads\/sites\/3\/2015\/08\/MG_0133-150x150.jpg\" class=\"attachment-thumbnail size-thumbnail\" alt=\"\" \/><\/a>\n\t\t\t<\/dt><\/dl>\n\t\t\t<br style='clear: both' \/>\n\t\t<\/div>\n\n<p lang=\"pl-PL\" align=\"LEFT\"><span style=\"color: #000000\">Tablice zdobi\u0105ce wej\u015bcie do pensjonatu to kamienne epitafia Johanna Christiana Leubschera, pierwszego rektora i Georga Johanna A\u00dfmanna, pierwszego prorektora szko\u0142y. Jedn\u0105 z tablic ufundowan\u0105 w XVIII wieku dla nauczycieli przez uczni\u00f3w zdobi motyw kuli ziemskiej oplecionej w\u0119\u017cem (symbol grzechu) i motyla (dusza ulatuj\u0105ca do nieba). Widoki za oknami: Ko\u015bci\u00f3\u0142 Pokoju, 300-letnia dzwonnica, wiekowe lipy. Historia, ziele\u0144 i cisza. <\/span><\/p>\n<p style=\"text-align: center\"><span style=\"color: #000000\"><strong>Wszystkie pokoje posiadaj\u0105 \u0142azienki zdobione r\u0119cznie malowanymi kaflami, s\u0105 wyposa\u017cone w lniane r\u0119czniki,<br \/>\nkosmetyki i suszarki do w\u0142os\u00f3w. W ka\u017cdym jest antyalergiczna haftowana po\u015bciel, bezp\u0142atny bezprzewodowy<br \/>\ndost\u0119p do internetu i telewizor. Ka\u017cdy pok\u00f3j ma odmienny charakter:<\/strong><\/span><\/p>\n<p><span style=\"color: #000000\"><strong>nr 1<\/strong> \u2013 niewielki, bardzo kameralny, idealny dla jednej osoby,<\/span><br \/>\n<span style=\"color: #000000\"> <strong>nr 2<\/strong> \u2013 z podw\u00f3jnym \u0142\u00f3\u017ckiem, widocznymi 300-letnimi belkami stropowymi i z anio\u0142ami,<\/span><br \/>\n<span style=\"color: #000000\"> <strong>nr 3<\/strong> \u2013 jasny, z \u201erozbielonymi\u201d meblami, du\u017c\u0105 \u0142azienk\u0105 i oryginalnym \u0142ukowym sklepieniem, z dwoma \u0142\u00f3\u017ckami (podw\u00f3jne i pojedyncze). Znajduje si\u0119 na parterze i jest przystosowany dla os\u00f3b niepe\u0142nosprawnych.<\/span><br \/>\n<span style=\"color: #000000\"> <strong>nr 4<\/strong> \u2013 dwupokojowy apartament, z pod\u0142og\u0105 wy\u0142o\u017con\u0105 starymi szerokimi, ciemnymi deskami, ze stylow\u0105 szaf\u0105 i stolikiem. Historia jest tu na wyci\u0105gni\u0119cie r\u0119ki: obok \u0142\u00f3\u017cka ods\u0142onili\u015bmy fragment \u015bciany tak, \u017ce wida\u0107 konstrukcj\u0119 sprzed trzystu lat, czyli drewniany szkielet wype\u0142niony mas\u0105 ze s\u0142omy i gliny.<\/span><br \/>\n<span style=\"color: #000000\"> <strong>nr 5<\/strong> \u2013 kameralny, dwuosobowy,<\/span><br \/>\n<span style=\"color: #000000\"> <strong>nr 6<\/strong> \u2013 apartament dla trzech os\u00f3b, wyj\u0105tkowo przestronny i elegancki, z antykami i wsp\u00f3\u0142czesnymi meblami.<\/span><\/p>\n<p style=\"text-align: center\"><strong><span style=\"color: #000000\">Na \u015bniadania (w cenie pobytu) zapraszamy do przytulnej jadalni z tykaj\u0105cym zegarem, antykami i ksi\u0105\u017ckami.<br \/>\nGo\u015bciom zapewniamy bezp\u0142atny parking i bezp\u0142atne zwiedzanie \u015bwi\u0105tyni i wystawy \u201eSkarby Ko\u015bcio\u0142a Pokoju\u201d<br \/>\n(zbi\u00f3r dost\u0119pnych wcze\u015bniej tylko dla naukowc\u00f3w bezcennych starodruk\u00f3w, obraz\u00f3w, naczy\u0144 liturgicznych, niezwyk\u0142ych Biblii).<\/span><\/strong><\/p>\n<p><span style=\"color: #000000\">Nasz obiekt zdoby\u0142 <strong>Nagrod\u0119 Doskona\u0142o\u015bci<\/strong> 2014 portalu Booking.com.<br \/>\n\u015arednia opinii dodawanych przez go\u015bci: <strong>9,4.<\/strong><br \/>\nKlienci docenili <strong>wysoki poziom us\u0142ug<\/strong> oraz wyj\u0105tkowy klimat Barokowego Zak\u0105tka i placu Pokoju.<br \/>\nCeny: <strong>130 z\u0142\/pok\u00f3j jednoosobowy, 200 z\u0142\/ pok\u00f3j dwuosobowy.<\/strong><\/span><\/p>\n<p>&nbsp;<\/p>\n<p lang=\"en-US\" align=\"LEFT\"><span style=\"color: #000000\"><strong><a style=\"color: #000000\" href=\"https:\/\/kp.janwizerunek.pl\/wp-content\/uploads\/2015\/08\/bz_l.png\" data-rel=\"lightbox-image-13\" data-rl_title=\"\" data-rl_caption=\"\" title=\"\"><img loading=\"lazy\" decoding=\"async\" class=\"alignleft wp-image-611 size-full\" src=\"https:\/\/kosciolpokoju.pl\/de\/wp-content\/uploads\/sites\/3\/2015\/08\/bz_l.png\" alt=\"bz_l\" width=\"110\" height=\"84\" \/><\/a><\/strong><\/span><strong><span style=\"color: #000000\">Barokowy Zak\u0105tek<\/span><br \/>\n<span style=\"color: #000000\"> plac Pokoju 6, 58-100 \u015awidnica<\/span><br \/>\n<span style=\"color: #000000\"> www.booking.com<\/span><br \/>\n<span style=\"color: #000000\"> tel. +48 734 150 059<\/span><br \/>\n<span style=\"color: #000000\"> e-mail: rooms@kosciolpokoju.pl<\/span><br \/>\n<\/strong><\/p>\n","protected":false},"excerpt":{"rendered":"<p>Pensjonat inny ni\u017c wszystkie&#8230; W jednym z zabytkowych budynk\u00f3w na placu Pokoju, w dawnym liceum ewangelickim z 1708 r. stworzyli\u015bmy niepowtarzalny pensjonat. Historyczne otoczenie i wystr\u00f3j nadaj\u0105 mu wyj\u0105tkowy klimat. Tablice zdobi\u0105ce wej\u015bcie do pensjonatu to kamienne epitafia Johanna Christiana Leubschera, pierwszego rektora i Georga Johanna A\u00dfmanna, pierwszego prorektora szko\u0142y. Jedn\u0105 z tablic ufundowan\u0105 w XVIII wieku dla nauczycieli przez uczni\u00f3w zdobi motyw kuli ziemskiej oplecionej w\u0119\u017cem (symbol grzechu) i motyla (dusza ulatuj\u0105ca do nieba). Widoki za oknami: Ko\u015bci\u00f3\u0142 Pokoju, 300-letnia dzwonnica, wiekowe lipy. Historia, ziele\u0144 i cisza. Wszystkie pokoje posiadaj\u0105 \u0142azienki zdobione r\u0119cznie malowanymi kaflami, s\u0105 wyposa\u017cone w lniane r\u0119czniki, kosmetyki i suszarki do w\u0142os\u00f3w. W ka\u017cdym jest antyalergiczna haftowana po\u015bciel, bezp\u0142atny bezprzewodowy dost\u0119p do internetu i telewizor. Ka\u017cdy pok\u00f3j ma odmienny charakter: nr 1 \u2013 niewielki, bardzo kameralny, idealny dla jednej osoby, nr 2 \u2013 z podw\u00f3jnym \u0142\u00f3\u017ckiem, widocznymi 300-letnimi belkami stropowymi i z anio\u0142ami, nr 3 \u2013 jasny, z \u201erozbielonymi\u201d meblami, du\u017c\u0105 \u0142azienk\u0105 i oryginalnym \u0142ukowym sklepieniem, z dwoma \u0142\u00f3\u017ckami (podw\u00f3jne i pojedyncze). Znajduje si\u0119 na parterze i jest przystosowany dla os\u00f3b niepe\u0142nosprawnych. nr 4 \u2013 dwupokojowy apartament, z pod\u0142og\u0105 wy\u0142o\u017con\u0105 starymi szerokimi, ciemnymi deskami, ze stylow\u0105 szaf\u0105 i stolikiem. Historia jest tu na wyci\u0105gni\u0119cie r\u0119ki: obok \u0142\u00f3\u017cka ods\u0142onili\u015bmy fragment \u015bciany tak, \u017ce wida\u0107 konstrukcj\u0119 sprzed trzystu lat, czyli drewniany szkielet wype\u0142niony mas\u0105 ze s\u0142omy i gliny. nr 5 \u2013 kameralny, dwuosobowy, nr 6 \u2013 apartament dla trzech os\u00f3b, wyj\u0105tkowo przestronny i elegancki, z antykami i wsp\u00f3\u0142czesnymi meblami. Na \u015bniadania (w cenie pobytu) zapraszamy do przytulnej jadalni z tykaj\u0105cym zegarem, antykami i ksi\u0105\u017ckami. Go\u015bciom zapewniamy bezp\u0142atny parking i bezp\u0142atne zwiedzanie \u015bwi\u0105tyni i wystawy \u201eSkarby Ko\u015bcio\u0142a Pokoju\u201d (zbi\u00f3r dost\u0119pnych wcze\u015bniej tylko dla naukowc\u00f3w bezcennych starodruk\u00f3w, obraz\u00f3w, naczy\u0144 liturgicznych, niezwyk\u0142ych Biblii). Nasz obiekt zdoby\u0142 Nagrod\u0119 Doskona\u0142o\u015bci 2014 portalu Booking.com. \u015arednia opinii dodawanych przez go\u015bci: 9,4. Klienci docenili wysoki poziom us\u0142ug oraz wyj\u0105tkowy klimat Barokowego Zak\u0105tka i placu Pokoju. Ceny: 130 z\u0142\/pok\u00f3j jednoosobowy, 200 z\u0142\/ pok\u00f3j dwuosobowy. &nbsp; Barokowy Zak\u0105tek plac Pokoju 6, 58-100 \u015awidnica www.booking.com tel. +48 734 150 059 e-mail: rooms@kosciolpokoju.pl<\/p>\n","protected":false},"author":1,"featured_media":0,"parent":0,"menu_order":0,"comment_status":"open","ping_status":"open","template":"","meta":{"footnotes":""},"yoast_head":"<!-- This site is optimized with the Yoast SEO plugin v20.4 - https:\/\/yoast.com\/wordpress\/plugins\/seo\/ -->\n<title>Barokowy Zak\u0105tek \/ Noclegi w \u015awidnicy \/ Ko\u015bci\u00f3\u0142 Pokoju<\/title>\n<meta name=\"description\" content=\"Barokowy Zak\u0105tek - pensjonat inny ni\u017c wszystkie! Historyczne otoczenie i wystr\u00f3j nadaj\u0105 mu wyj\u0105tkowy klimat. Zapraszamy!\" \/>\n<meta name=\"robots\" content=\"index, follow, max-snippet:-1, max-image-preview:large, max-video-preview:-1\" \/>\n<link rel=\"canonical\" href=\"https:\/\/kosciolpokoju.pl\/de\/noclegi-barokowy-zakatek\/\" \/>\n<meta property=\"og:locale\" content=\"pl_PL\" \/>\n<meta property=\"og:type\" content=\"article\" \/>\n<meta property=\"og:title\" content=\"Barokowy Zak\u0105tek \/ Noclegi w \u015awidnicy \/ Ko\u015bci\u00f3\u0142 Pokoju\" \/>\n<meta property=\"og:description\" content=\"Barokowy Zak\u0105tek - pensjonat inny ni\u017c wszystkie! Historyczne otoczenie i wystr\u00f3j nadaj\u0105 mu wyj\u0105tkowy klimat. Zapraszamy!\" \/>\n<meta property=\"og:url\" content=\"https:\/\/kosciolpokoju.pl\/de\/noclegi-barokowy-zakatek\/\" \/>\n<meta property=\"og:site_name\" content=\"Ko\u015bci\u00f3\u0142 Pokoju | DE\" \/>\n<meta property=\"og:image\" content=\"https:\/\/kosciolpokoju.pl\/de\/wp-content\/uploads\/sites\/3\/2015\/08\/b-150x150.jpg\" \/>\n<meta name=\"twitter:card\" content=\"summary_large_image\" \/>\n<meta name=\"twitter:label1\" content=\"Szacowany czas czytania\" \/>\n\t<meta name=\"twitter:data1\" content=\"2 minuty\" \/>\n<script type=\"application\/ld+json\" class=\"yoast-schema-graph\">{\"@context\":\"https:\/\/schema.org\",\"@graph\":[{\"@type\":\"WebPage\",\"@id\":\"https:\/\/kosciolpokoju.pl\/de\/noclegi-barokowy-zakatek\/\",\"url\":\"https:\/\/kosciolpokoju.pl\/de\/noclegi-barokowy-zakatek\/\",\"name\":\"Barokowy Zak\u0105tek \/ Noclegi w \u015awidnicy \/ Ko\u015bci\u00f3\u0142 Pokoju\",\"isPartOf\":{\"@id\":\"https:\/\/kosciolpokoju.pl\/de\/#website\"},\"datePublished\":\"2015-08-17T09:56:42+00:00\",\"dateModified\":\"2015-08-17T09:56:42+00:00\",\"description\":\"Barokowy Zak\u0105tek - pensjonat inny ni\u017c wszystkie! Historyczne otoczenie i wystr\u00f3j nadaj\u0105 mu wyj\u0105tkowy klimat. Zapraszamy!\",\"breadcrumb\":{\"@id\":\"https:\/\/kosciolpokoju.pl\/de\/noclegi-barokowy-zakatek\/#breadcrumb\"},\"inLanguage\":\"pl-PL\",\"potentialAction\":[{\"@type\":\"ReadAction\",\"target\":[\"https:\/\/kosciolpokoju.pl\/de\/noclegi-barokowy-zakatek\/\"]}]},{\"@type\":\"BreadcrumbList\",\"@id\":\"https:\/\/kosciolpokoju.pl\/de\/noclegi-barokowy-zakatek\/#breadcrumb\",\"itemListElement\":[{\"@type\":\"ListItem\",\"position\":1,\"name\":\"Strona g\u0142\u00f3wna\",\"item\":\"https:\/\/kosciolpokoju.pl\/de\/\"},{\"@type\":\"ListItem\",\"position\":2,\"name\":\"Noclegi \/ Barokowy Zak\u0105tek\"}]},{\"@type\":\"WebSite\",\"@id\":\"https:\/\/kosciolpokoju.pl\/de\/#website\",\"url\":\"https:\/\/kosciolpokoju.pl\/de\/\",\"name\":\"Ko\u015bci\u00f3\u0142 Pokoju | DE\",\"description\":\"Najwi\u0119ksza drewniana barokowa \u015bwi\u0105tynia na \u015bwiecie!\",\"potentialAction\":[{\"@type\":\"SearchAction\",\"target\":{\"@type\":\"EntryPoint\",\"urlTemplate\":\"https:\/\/kosciolpokoju.pl\/de\/?s={search_term_string}\"},\"query-input\":\"required name=search_term_string\"}],\"inLanguage\":\"pl-PL\"}]}<\/script>\n<!-- \/ Yoast SEO plugin. -->","yoast_head_json":{"title":"Barokowy Zak\u0105tek \/ Noclegi w \u015awidnicy \/ Ko\u015bci\u00f3\u0142 Pokoju","description":"Barokowy Zak\u0105tek - pensjonat inny ni\u017c wszystkie! Historyczne otoczenie i wystr\u00f3j nadaj\u0105 mu wyj\u0105tkowy klimat. Zapraszamy!","robots":{"index":"index","follow":"follow","max-snippet":"max-snippet:-1","max-image-preview":"max-image-preview:large","max-video-preview":"max-video-preview:-1"},"canonical":"https:\/\/kosciolpokoju.pl\/de\/noclegi-barokowy-zakatek\/","og_locale":"pl_PL","og_type":"article","og_title":"Barokowy Zak\u0105tek \/ Noclegi w \u015awidnicy \/ Ko\u015bci\u00f3\u0142 Pokoju","og_description":"Barokowy Zak\u0105tek - pensjonat inny ni\u017c wszystkie! Historyczne otoczenie i wystr\u00f3j nadaj\u0105 mu wyj\u0105tkowy klimat. Zapraszamy!","og_url":"https:\/\/kosciolpokoju.pl\/de\/noclegi-barokowy-zakatek\/","og_site_name":"Ko\u015bci\u00f3\u0142 Pokoju | DE","og_image":[{"url":"https:\/\/kosciolpokoju.pl\/de\/wp-content\/uploads\/sites\/3\/2015\/08\/b-150x150.jpg"}],"twitter_card":"summary_large_image","twitter_misc":{"Szacowany czas czytania":"2 minuty"},"schema":{"@context":"https:\/\/schema.org","@graph":[{"@type":"WebPage","@id":"https:\/\/kosciolpokoju.pl\/de\/noclegi-barokowy-zakatek\/","url":"https:\/\/kosciolpokoju.pl\/de\/noclegi-barokowy-zakatek\/","name":"Barokowy Zak\u0105tek \/ Noclegi w \u015awidnicy \/ Ko\u015bci\u00f3\u0142 Pokoju","isPartOf":{"@id":"https:\/\/kosciolpokoju.pl\/de\/#website"},"datePublished":"2015-08-17T09:56:42+00:00","dateModified":"2015-08-17T09:56:42+00:00","description":"Barokowy Zak\u0105tek - pensjonat inny ni\u017c wszystkie! Historyczne otoczenie i wystr\u00f3j nadaj\u0105 mu wyj\u0105tkowy klimat. Zapraszamy!","breadcrumb":{"@id":"https:\/\/kosciolpokoju.pl\/de\/noclegi-barokowy-zakatek\/#breadcrumb"},"inLanguage":"pl-PL","potentialAction":[{"@type":"ReadAction","target":["https:\/\/kosciolpokoju.pl\/de\/noclegi-barokowy-zakatek\/"]}]},{"@type":"BreadcrumbList","@id":"https:\/\/kosciolpokoju.pl\/de\/noclegi-barokowy-zakatek\/#breadcrumb","itemListElement":[{"@type":"ListItem","position":1,"name":"Strona g\u0142\u00f3wna","item":"https:\/\/kosciolpokoju.pl\/de\/"},{"@type":"ListItem","position":2,"name":"Noclegi \/ Barokowy Zak\u0105tek"}]},{"@type":"WebSite","@id":"https:\/\/kosciolpokoju.pl\/de\/#website","url":"https:\/\/kosciolpokoju.pl\/de\/","name":"Ko\u015bci\u00f3\u0142 Pokoju | DE","description":"Najwi\u0119ksza drewniana barokowa \u015bwi\u0105tynia na \u015bwiecie!","potentialAction":[{"@type":"SearchAction","target":{"@type":"EntryPoint","urlTemplate":"https:\/\/kosciolpokoju.pl\/de\/?s={search_term_string}"},"query-input":"required name=search_term_string"}],"inLanguage":"pl-PL"}]}},"_links":{"self":[{"href":"https:\/\/kosciolpokoju.pl\/de\/wp-json\/wp\/v2\/pages\/515"}],"collection":[{"href":"https:\/\/kosciolpokoju.pl\/de\/wp-json\/wp\/v2\/pages"}],"about":[{"href":"https:\/\/kosciolpokoju.pl\/de\/wp-json\/wp\/v2\/types\/page"}],"author":[{"embeddable":true,"href":"https:\/\/kosciolpokoju.pl\/de\/wp-json\/wp\/v2\/users\/1"}],"replies":[{"embeddable":true,"href":"https:\/\/kosciolpokoju.pl\/de\/wp-json\/wp\/v2\/comments?post=515"}],"version-history":[{"count":0,"href":"https:\/\/kosciolpokoju.pl\/de\/wp-json\/wp\/v2\/pages\/515\/revisions"}],"wp:attachment":[{"href":"https:\/\/kosciolpokoju.pl\/de\/wp-json\/wp\/v2\/media?parent=515"}],"curies":[{"name":"wp","href":"https:\/\/api.w.org\/{rel}","templated":true}]}}