{"id":717,"date":"2015-10-08T08:50:11","date_gmt":"2015-10-08T08:50:11","guid":{"rendered":"http:\/\/kp.janwizerunek.pl\/?page_id=717"},"modified":"2015-10-08T08:50:11","modified_gmt":"2015-10-08T08:50:11","slug":"cmentarz","status":"publish","type":"page","link":"https:\/\/kosciolpokoju.pl\/de\/cmentarz\/","title":{"rendered":"Cmentarz"},"content":{"rendered":"\n\t\t<style type=\"text\/css\">\n\t\t\t#gallery-1 {\n\t\t\t\tmargin: auto;\n\t\t\t}\n\t\t\t#gallery-1 .gallery-item {\n\t\t\t\tfloat: left;\n\t\t\t\tmargin-top: 10px;\n\t\t\t\ttext-align: center;\n\t\t\t\twidth: 33%;\n\t\t\t}\n\t\t\t#gallery-1 img {\n\t\t\t\tborder: 2px solid #cfcfcf;\n\t\t\t}\n\t\t\t#gallery-1 .gallery-caption {\n\t\t\t\tmargin-left: 0;\n\t\t\t}\n\t\t\t\/* see gallery_shortcode() in wp-includes\/media.php *\/\n\t\t<\/style>\n\t\t<div id='gallery-1' class='gallery galleryid-717 gallery-columns-3 gallery-size-medium'><dl class='gallery-item'>\n\t\t\t<dt class='gallery-icon landscape'>\n\t\t\t\t<a href='https:\/\/kosciolpokoju.pl\/de\/wp-content\/uploads\/sites\/3\/2015\/10\/cmentarz-1.jpg' title=\"\" data-rl_title=\"\" class=\"rl-gallery-link\" data-rl_caption=\"\" data-rel=\"lightbox-gallery-1\"><img loading=\"lazy\" decoding=\"async\" width=\"300\" height=\"200\" src=\"https:\/\/kosciolpokoju.pl\/de\/wp-content\/uploads\/sites\/3\/2015\/10\/cmentarz-1-300x200.jpg\" class=\"attachment-medium size-medium\" alt=\"\" srcset=\"https:\/\/kosciolpokoju.pl\/de\/wp-content\/uploads\/sites\/3\/2015\/10\/cmentarz-1-300x200.jpg 300w, https:\/\/kosciolpokoju.pl\/de\/wp-content\/uploads\/sites\/3\/2015\/10\/cmentarz-1.jpg 900w\" sizes=\"(max-width: 300px) 100vw, 300px\" \/><\/a>\n\t\t\t<\/dt><\/dl><dl class='gallery-item'>\n\t\t\t<dt class='gallery-icon landscape'>\n\t\t\t\t<a href='https:\/\/kosciolpokoju.pl\/de\/wp-content\/uploads\/sites\/3\/2015\/10\/cmentarz-2.jpg' title=\"\" data-rl_title=\"\" class=\"rl-gallery-link\" data-rl_caption=\"\" data-rel=\"lightbox-gallery-1\"><img loading=\"lazy\" decoding=\"async\" width=\"300\" height=\"202\" src=\"https:\/\/kosciolpokoju.pl\/de\/wp-content\/uploads\/sites\/3\/2015\/10\/cmentarz-2-300x202.jpg\" class=\"attachment-medium size-medium\" alt=\"\" srcset=\"https:\/\/kosciolpokoju.pl\/de\/wp-content\/uploads\/sites\/3\/2015\/10\/cmentarz-2-300x202.jpg 300w, https:\/\/kosciolpokoju.pl\/de\/wp-content\/uploads\/sites\/3\/2015\/10\/cmentarz-2.jpg 900w\" sizes=\"(max-width: 300px) 100vw, 300px\" \/><\/a>\n\t\t\t<\/dt><\/dl><dl class='gallery-item'>\n\t\t\t<dt class='gallery-icon portrait'>\n\t\t\t\t<a href='https:\/\/kosciolpokoju.pl\/de\/wp-content\/uploads\/sites\/3\/2015\/10\/cmentarz-3.jpg' title=\"\" data-rl_title=\"\" class=\"rl-gallery-link\" data-rl_caption=\"\" data-rel=\"lightbox-gallery-1\"><img loading=\"lazy\" decoding=\"async\" width=\"189\" height=\"300\" src=\"https:\/\/kosciolpokoju.pl\/de\/wp-content\/uploads\/sites\/3\/2015\/10\/cmentarz-3-189x300.jpg\" class=\"attachment-medium size-medium\" alt=\"\" srcset=\"https:\/\/kosciolpokoju.pl\/de\/wp-content\/uploads\/sites\/3\/2015\/10\/cmentarz-3-189x300.jpg 189w, https:\/\/kosciolpokoju.pl\/de\/wp-content\/uploads\/sites\/3\/2015\/10\/cmentarz-3.jpg 566w\" sizes=\"(max-width: 189px) 100vw, 189px\" \/><\/a>\n\t\t\t<\/dt><\/dl><br style=\"clear: both\" \/><dl class='gallery-item'>\n\t\t\t<dt class='gallery-icon portrait'>\n\t\t\t\t<a href='https:\/\/kosciolpokoju.pl\/de\/wp-content\/uploads\/sites\/3\/2015\/10\/cmentarz-4.jpg' title=\"\" data-rl_title=\"\" class=\"rl-gallery-link\" data-rl_caption=\"\" data-rel=\"lightbox-gallery-1\"><img loading=\"lazy\" decoding=\"async\" width=\"200\" height=\"300\" src=\"https:\/\/kosciolpokoju.pl\/de\/wp-content\/uploads\/sites\/3\/2015\/10\/cmentarz-4-200x300.jpg\" class=\"attachment-medium size-medium\" alt=\"\" srcset=\"https:\/\/kosciolpokoju.pl\/de\/wp-content\/uploads\/sites\/3\/2015\/10\/cmentarz-4-200x300.jpg 200w, https:\/\/kosciolpokoju.pl\/de\/wp-content\/uploads\/sites\/3\/2015\/10\/cmentarz-4.jpg 600w\" sizes=\"(max-width: 200px) 100vw, 200px\" \/><\/a>\n\t\t\t<\/dt><\/dl><dl class='gallery-item'>\n\t\t\t<dt class='gallery-icon portrait'>\n\t\t\t\t<a href='https:\/\/kosciolpokoju.pl\/de\/wp-content\/uploads\/sites\/3\/2015\/10\/cmentarz-5.jpg' title=\"\" data-rl_title=\"\" class=\"rl-gallery-link\" data-rl_caption=\"\" data-rel=\"lightbox-gallery-1\"><img loading=\"lazy\" decoding=\"async\" width=\"190\" height=\"300\" src=\"https:\/\/kosciolpokoju.pl\/de\/wp-content\/uploads\/sites\/3\/2015\/10\/cmentarz-5-190x300.jpg\" class=\"attachment-medium size-medium\" alt=\"\" srcset=\"https:\/\/kosciolpokoju.pl\/de\/wp-content\/uploads\/sites\/3\/2015\/10\/cmentarz-5-190x300.jpg 190w, https:\/\/kosciolpokoju.pl\/de\/wp-content\/uploads\/sites\/3\/2015\/10\/cmentarz-5.jpg 569w\" sizes=\"(max-width: 190px) 100vw, 190px\" \/><\/a>\n\t\t\t<\/dt><\/dl><dl class='gallery-item'>\n\t\t\t<dt class='gallery-icon portrait'>\n\t\t\t\t<a href='https:\/\/kosciolpokoju.pl\/de\/wp-content\/uploads\/sites\/3\/2015\/10\/cmentarz-6.jpg' title=\"\" data-rl_title=\"\" class=\"rl-gallery-link\" data-rl_caption=\"\" data-rel=\"lightbox-gallery-1\"><img loading=\"lazy\" decoding=\"async\" width=\"198\" height=\"300\" src=\"https:\/\/kosciolpokoju.pl\/de\/wp-content\/uploads\/sites\/3\/2015\/10\/cmentarz-6-198x300.jpg\" class=\"attachment-medium size-medium\" alt=\"\" srcset=\"https:\/\/kosciolpokoju.pl\/de\/wp-content\/uploads\/sites\/3\/2015\/10\/cmentarz-6-198x300.jpg 198w, https:\/\/kosciolpokoju.pl\/de\/wp-content\/uploads\/sites\/3\/2015\/10\/cmentarz-6.jpg 593w\" sizes=\"(max-width: 198px) 100vw, 198px\" \/><\/a>\n\t\t\t<\/dt><\/dl><br style=\"clear: both\" \/><dl class='gallery-item'>\n\t\t\t<dt class='gallery-icon portrait'>\n\t\t\t\t<a href='https:\/\/kosciolpokoju.pl\/de\/wp-content\/uploads\/sites\/3\/2015\/10\/cmentarz-7.jpg' title=\"\" data-rl_title=\"\" class=\"rl-gallery-link\" data-rl_caption=\"\" data-rel=\"lightbox-gallery-1\"><img loading=\"lazy\" decoding=\"async\" width=\"196\" height=\"300\" src=\"https:\/\/kosciolpokoju.pl\/de\/wp-content\/uploads\/sites\/3\/2015\/10\/cmentarz-7-196x300.jpg\" class=\"attachment-medium size-medium\" alt=\"\" srcset=\"https:\/\/kosciolpokoju.pl\/de\/wp-content\/uploads\/sites\/3\/2015\/10\/cmentarz-7-196x300.jpg 196w, https:\/\/kosciolpokoju.pl\/de\/wp-content\/uploads\/sites\/3\/2015\/10\/cmentarz-7.jpg 587w\" sizes=\"(max-width: 196px) 100vw, 196px\" \/><\/a>\n\t\t\t<\/dt><\/dl><dl class='gallery-item'>\n\t\t\t<dt class='gallery-icon landscape'>\n\t\t\t\t<a href='https:\/\/kosciolpokoju.pl\/de\/wp-content\/uploads\/sites\/3\/2015\/10\/cmentarz-8.jpg' title=\"\" data-rl_title=\"\" class=\"rl-gallery-link\" data-rl_caption=\"\" data-rel=\"lightbox-gallery-1\"><img loading=\"lazy\" decoding=\"async\" width=\"300\" height=\"200\" src=\"https:\/\/kosciolpokoju.pl\/de\/wp-content\/uploads\/sites\/3\/2015\/10\/cmentarz-8-300x200.jpg\" class=\"attachment-medium size-medium\" alt=\"\" srcset=\"https:\/\/kosciolpokoju.pl\/de\/wp-content\/uploads\/sites\/3\/2015\/10\/cmentarz-8-300x200.jpg 300w, https:\/\/kosciolpokoju.pl\/de\/wp-content\/uploads\/sites\/3\/2015\/10\/cmentarz-8.jpg 900w\" sizes=\"(max-width: 300px) 100vw, 300px\" \/><\/a>\n\t\t\t<\/dt><\/dl><dl class='gallery-item'>\n\t\t\t<dt class='gallery-icon portrait'>\n\t\t\t\t<a href='https:\/\/kosciolpokoju.pl\/de\/wp-content\/uploads\/sites\/3\/2015\/10\/cmentarz-9.jpg' title=\"\" data-rl_title=\"\" class=\"rl-gallery-link\" data-rl_caption=\"\" data-rel=\"lightbox-gallery-1\"><img loading=\"lazy\" decoding=\"async\" width=\"200\" height=\"300\" src=\"https:\/\/kosciolpokoju.pl\/de\/wp-content\/uploads\/sites\/3\/2015\/10\/cmentarz-9-200x300.jpg\" class=\"attachment-medium size-medium\" alt=\"\" srcset=\"https:\/\/kosciolpokoju.pl\/de\/wp-content\/uploads\/sites\/3\/2015\/10\/cmentarz-9-200x300.jpg 200w, https:\/\/kosciolpokoju.pl\/de\/wp-content\/uploads\/sites\/3\/2015\/10\/cmentarz-9.jpg 600w\" sizes=\"(max-width: 200px) 100vw, 200px\" \/><\/a>\n\t\t\t<\/dt><\/dl><br style=\"clear: both\" \/>\n\t\t<\/div>\n\n","protected":false},"excerpt":{"rendered":"","protected":false},"author":1,"featured_media":0,"parent":0,"menu_order":0,"comment_status":"closed","ping_status":"closed","template":"","meta":{"footnotes":""},"yoast_head":"<!-- This site is optimized with the Yoast SEO plugin v20.4 - https:\/\/yoast.com\/wordpress\/plugins\/seo\/ -->\n<title>Galeria \/ Cmentarz \/ Ko\u015bci\u00f3\u0142 Pokoju w \u015awidnicy<\/title>\n<meta name=\"robots\" content=\"index, follow, max-snippet:-1, max-image-preview:large, max-video-preview:-1\" \/>\n<link rel=\"canonical\" href=\"https:\/\/kosciolpokoju.pl\/de\/cmentarz\/\" \/>\n<meta property=\"og:locale\" content=\"pl_PL\" \/>\n<meta property=\"og:type\" content=\"article\" \/>\n<meta property=\"og:title\" content=\"Galeria \/ Cmentarz \/ Ko\u015bci\u00f3\u0142 Pokoju w \u015awidnicy\" \/>\n<meta property=\"og:url\" content=\"https:\/\/kosciolpokoju.pl\/de\/cmentarz\/\" \/>\n<meta property=\"og:site_name\" content=\"Ko\u015bci\u00f3\u0142 Pokoju | DE\" \/>\n<meta property=\"og:image\" content=\"https:\/\/kosciolpokoju.pl\/de\/wp-content\/uploads\/sites\/3\/2015\/10\/cmentarz-1-300x200.jpg\" \/>\n<meta name=\"twitter:card\" content=\"summary_large_image\" \/>\n<script type=\"application\/ld+json\" class=\"yoast-schema-graph\">{\"@context\":\"https:\/\/schema.org\",\"@graph\":[{\"@type\":\"WebPage\",\"@id\":\"https:\/\/kosciolpokoju.pl\/de\/cmentarz\/\",\"url\":\"https:\/\/kosciolpokoju.pl\/de\/cmentarz\/\",\"name\":\"Galeria \/ Cmentarz \/ Ko\u015bci\u00f3\u0142 Pokoju w \u015awidnicy\",\"isPartOf\":{\"@id\":\"https:\/\/kosciolpokoju.pl\/de\/#website\"},\"datePublished\":\"2015-10-08T08:50:11+00:00\",\"dateModified\":\"2015-10-08T08:50:11+00:00\",\"breadcrumb\":{\"@id\":\"https:\/\/kosciolpokoju.pl\/de\/cmentarz\/#breadcrumb\"},\"inLanguage\":\"pl-PL\",\"potentialAction\":[{\"@type\":\"ReadAction\",\"target\":[\"https:\/\/kosciolpokoju.pl\/de\/cmentarz\/\"]}]},{\"@type\":\"BreadcrumbList\",\"@id\":\"https:\/\/kosciolpokoju.pl\/de\/cmentarz\/#breadcrumb\",\"itemListElement\":[{\"@type\":\"ListItem\",\"position\":1,\"name\":\"Strona g\u0142\u00f3wna\",\"item\":\"https:\/\/kosciolpokoju.pl\/de\/\"},{\"@type\":\"ListItem\",\"position\":2,\"name\":\"Cmentarz\"}]},{\"@type\":\"WebSite\",\"@id\":\"https:\/\/kosciolpokoju.pl\/de\/#website\",\"url\":\"https:\/\/kosciolpokoju.pl\/de\/\",\"name\":\"Ko\u015bci\u00f3\u0142 Pokoju | DE\",\"description\":\"Najwi\u0119ksza drewniana barokowa \u015bwi\u0105tynia na \u015bwiecie!\",\"potentialAction\":[{\"@type\":\"SearchAction\",\"target\":{\"@type\":\"EntryPoint\",\"urlTemplate\":\"https:\/\/kosciolpokoju.pl\/de\/?s={search_term_string}\"},\"query-input\":\"required name=search_term_string\"}],\"inLanguage\":\"pl-PL\"}]}<\/script>\n<!-- \/ Yoast SEO plugin. -->","yoast_head_json":{"title":"Galeria \/ Cmentarz \/ Ko\u015bci\u00f3\u0142 Pokoju w \u015awidnicy","robots":{"index":"index","follow":"follow","max-snippet":"max-snippet:-1","max-image-preview":"max-image-preview:large","max-video-preview":"max-video-preview:-1"},"canonical":"https:\/\/kosciolpokoju.pl\/de\/cmentarz\/","og_locale":"pl_PL","og_type":"article","og_title":"Galeria \/ Cmentarz \/ Ko\u015bci\u00f3\u0142 Pokoju w \u015awidnicy","og_url":"https:\/\/kosciolpokoju.pl\/de\/cmentarz\/","og_site_name":"Ko\u015bci\u00f3\u0142 Pokoju | DE","og_image":[{"url":"https:\/\/kosciolpokoju.pl\/de\/wp-content\/uploads\/sites\/3\/2015\/10\/cmentarz-1-300x200.jpg"}],"twitter_card":"summary_large_image","schema":{"@context":"https:\/\/schema.org","@graph":[{"@type":"WebPage","@id":"https:\/\/kosciolpokoju.pl\/de\/cmentarz\/","url":"https:\/\/kosciolpokoju.pl\/de\/cmentarz\/","name":"Galeria \/ Cmentarz \/ Ko\u015bci\u00f3\u0142 Pokoju w \u015awidnicy","isPartOf":{"@id":"https:\/\/kosciolpokoju.pl\/de\/#website"},"datePublished":"2015-10-08T08:50:11+00:00","dateModified":"2015-10-08T08:50:11+00:00","breadcrumb":{"@id":"https:\/\/kosciolpokoju.pl\/de\/cmentarz\/#breadcrumb"},"inLanguage":"pl-PL","potentialAction":[{"@type":"ReadAction","target":["https:\/\/kosciolpokoju.pl\/de\/cmentarz\/"]}]},{"@type":"BreadcrumbList","@id":"https:\/\/kosciolpokoju.pl\/de\/cmentarz\/#breadcrumb","itemListElement":[{"@type":"ListItem","position":1,"name":"Strona g\u0142\u00f3wna","item":"https:\/\/kosciolpokoju.pl\/de\/"},{"@type":"ListItem","position":2,"name":"Cmentarz"}]},{"@type":"WebSite","@id":"https:\/\/kosciolpokoju.pl\/de\/#website","url":"https:\/\/kosciolpokoju.pl\/de\/","name":"Ko\u015bci\u00f3\u0142 Pokoju | DE","description":"Najwi\u0119ksza drewniana barokowa \u015bwi\u0105tynia na \u015bwiecie!","potentialAction":[{"@type":"SearchAction","target":{"@type":"EntryPoint","urlTemplate":"https:\/\/kosciolpokoju.pl\/de\/?s={search_term_string}"},"query-input":"required name=search_term_string"}],"inLanguage":"pl-PL"}]}},"_links":{"self":[{"href":"https:\/\/kosciolpokoju.pl\/de\/wp-json\/wp\/v2\/pages\/717"}],"collection":[{"href":"https:\/\/kosciolpokoju.pl\/de\/wp-json\/wp\/v2\/pages"}],"about":[{"href":"https:\/\/kosciolpokoju.pl\/de\/wp-json\/wp\/v2\/types\/page"}],"author":[{"embeddable":true,"href":"https:\/\/kosciolpokoju.pl\/de\/wp-json\/wp\/v2\/users\/1"}],"replies":[{"embeddable":true,"href":"https:\/\/kosciolpokoju.pl\/de\/wp-json\/wp\/v2\/comments?post=717"}],"version-history":[{"count":0,"href":"https:\/\/kosciolpokoju.pl\/de\/wp-json\/wp\/v2\/pages\/717\/revisions"}],"wp:attachment":[{"href":"https:\/\/kosciolpokoju.pl\/de\/wp-json\/wp\/v2\/media?parent=717"}],"curies":[{"name":"wp","href":"https:\/\/api.w.org\/{rel}","templated":true}]}}